{"version":"1.0","provider_name":"TVM - Televis\u00e3o de Mo\u00e7ambique","provider_url":"https:\/\/www.tvm.co.mz\/novosite","author_name":"Leopoldino Bambo","author_url":"https:\/\/www.tvm.co.mz\/novosite\/author\/lbambo\/","title":"Superta\u00e7a ser\u00e1 a 17 de Fevereiro - TVM - Televis\u00e3o de Mo\u00e7ambique","type":"rich","width":600,"height":338,"html":"<blockquote class=\"wp-embedded-content\" data-secret=\"LnM1tHzRno\"><a href=\"https:\/\/www.tvm.co.mz\/novosite\/2019\/01\/25\/supertaca-sera-a-17-de-fevereiro\/\">Superta\u00e7a ser\u00e1 a 17 de Fevereiro<\/a><\/blockquote><iframe sandbox=\"allow-scripts\" security=\"restricted\" src=\"https:\/\/www.tvm.co.mz\/novosite\/2019\/01\/25\/supertaca-sera-a-17-de-fevereiro\/embed\/#?secret=LnM1tHzRno\" width=\"600\" height=\"338\" title=\"&#8220;Superta\u00e7a ser\u00e1 a 17 de Fevereiro&#8221; &#8212; TVM - Televis\u00e3o de Mo\u00e7ambique\" data-secret=\"LnM1tHzRno\" frameborder=\"0\" marginwidth=\"0\" marginheight=\"0\" scrolling=\"no\" class=\"wp-embedded-content\"><\/iframe><script>\n\/*! This file is auto-generated *\/\n!function(d,l){\"use strict\";l.querySelector&&d.addEventListener&&\"undefined\"!=typeof URL&&(d.wp=d.wp||{},d.wp.receiveEmbedMessage||(d.wp.receiveEmbedMessage=function(e){var t=e.data;if((t||t.secret||t.message||t.value)&&!\/[^a-zA-Z0-9]\/.test(t.secret)){for(var s,r,n,a=l.querySelectorAll('iframe[data-secret=\"'+t.secret+'\"]'),o=l.querySelectorAll('blockquote[data-secret=\"'+t.secret+'\"]'),c=new RegExp(\"^https?:$\",\"i\"),i=0;i<o.length;i++)o[i].style.display=\"none\";for(i=0;i<a.length;i++)s=a[i],e.source===s.contentWindow&&(s.removeAttribute(\"style\"),\"height\"===t.message?(1e3<(r=parseInt(t.value,10))?r=1e3:~~r<200&&(r=200),s.height=r):\"link\"===t.message&&(r=new URL(s.getAttribute(\"src\")),n=new URL(t.value),c.test(n.protocol))&&n.host===r.host&&l.activeElement===s&&(d.top.location.href=t.value))}},d.addEventListener(\"message\",d.wp.receiveEmbedMessage,!1),l.addEventListener(\"DOMContentLoaded\",function(){for(var e,t,s=l.querySelectorAll(\"iframe.wp-embedded-content\"),r=0;r<s.length;r++)(t=(e=s[r]).getAttribute(\"data-secret\"))||(t=Math.random().toString(36).substring(2,12),e.src+=\"#?secret=\"+t,e.setAttribute(\"data-secret\",t)),e.contentWindow.postMessage({message:\"ready\",secret:t},\"*\")},!1)))}(window,document);\n\/\/# sourceURL=https:\/\/www.tvm.co.mz\/novosite\/wp-includes\/js\/wp-embed.min.js\n<\/script>\n","description":"A SUPERTA\u00c7A, prova que marca formalmente a abertura da temporada futebol\u00edstica no pa\u00eds, est\u00e1 agendada para 17 de Fevereiro no Est\u00e1dio Nacional do Zimpeto, segundo um comunicado da Federa\u00e7\u00e3o Mo\u00e7ambicana da modalidade (FMF), recebida ontem pela nossa Redac\u00e7\u00e3o. Leia mais","thumbnail_url":"http:\/\/www.jornalnoticias.co.mz\/images\/ANO-2019\/JANEIRO\/25\/SUPERTACA.gif"}