{"version":"1.0","provider_name":"TVM - Televis\u00e3o de Mo\u00e7ambique","provider_url":"https:\/\/www.tvm.co.mz\/novosite","author_name":"Leopoldino Bambo","author_url":"https:\/\/www.tvm.co.mz\/novosite\/author\/lbambo\/","title":"Violadas 20 crian\u00e7as na quadra festiva - TVM - Televis\u00e3o de Mo\u00e7ambique","type":"rich","width":600,"height":338,"html":"<blockquote class=\"wp-embedded-content\" data-secret=\"PtuqUO533P\"><a href=\"https:\/\/www.tvm.co.mz\/novosite\/2019\/01\/14\/violadas-20-criancas-na-quadra-festiva\/\">Violadas 20 crian\u00e7as na quadra festiva<\/a><\/blockquote><iframe sandbox=\"allow-scripts\" security=\"restricted\" src=\"https:\/\/www.tvm.co.mz\/novosite\/2019\/01\/14\/violadas-20-criancas-na-quadra-festiva\/embed\/#?secret=PtuqUO533P\" width=\"600\" height=\"338\" title=\"&#8220;Violadas 20 crian\u00e7as na quadra festiva&#8221; &#8212; TVM - Televis\u00e3o de Mo\u00e7ambique\" data-secret=\"PtuqUO533P\" frameborder=\"0\" marginwidth=\"0\" marginheight=\"0\" scrolling=\"no\" class=\"wp-embedded-content\"><\/iframe><script>\n\/*! This file is auto-generated *\/\n!function(d,l){\"use strict\";l.querySelector&&d.addEventListener&&\"undefined\"!=typeof URL&&(d.wp=d.wp||{},d.wp.receiveEmbedMessage||(d.wp.receiveEmbedMessage=function(e){var t=e.data;if((t||t.secret||t.message||t.value)&&!\/[^a-zA-Z0-9]\/.test(t.secret)){for(var s,r,n,a=l.querySelectorAll('iframe[data-secret=\"'+t.secret+'\"]'),o=l.querySelectorAll('blockquote[data-secret=\"'+t.secret+'\"]'),c=new RegExp(\"^https?:$\",\"i\"),i=0;i<o.length;i++)o[i].style.display=\"none\";for(i=0;i<a.length;i++)s=a[i],e.source===s.contentWindow&&(s.removeAttribute(\"style\"),\"height\"===t.message?(1e3<(r=parseInt(t.value,10))?r=1e3:~~r<200&&(r=200),s.height=r):\"link\"===t.message&&(r=new URL(s.getAttribute(\"src\")),n=new URL(t.value),c.test(n.protocol))&&n.host===r.host&&l.activeElement===s&&(d.top.location.href=t.value))}},d.addEventListener(\"message\",d.wp.receiveEmbedMessage,!1),l.addEventListener(\"DOMContentLoaded\",function(){for(var e,t,s=l.querySelectorAll(\"iframe.wp-embedded-content\"),r=0;r<s.length;r++)(t=(e=s[r]).getAttribute(\"data-secret\"))||(t=Math.random().toString(36).substring(2,12),e.src+=\"#?secret=\"+t,e.setAttribute(\"data-secret\",t)),e.contentWindow.postMessage({message:\"ready\",secret:t},\"*\")},!1)))}(window,document);\n\/\/# sourceURL=https:\/\/www.tvm.co.mz\/novosite\/wp-includes\/js\/wp-embed.min.js\n<\/script>\n","description":"Pelo menos 20 crian\u00e7as foram violadas, sexualmente, durante a quadra festiva, que assinalou a passagem de ano 2018 para 2019. O facto foi revelado, semana finda, pelo Comandante-Geral da Pol\u00edcia da Rep\u00fablica de Mo\u00e7ambique (PRM), Bernardino Rafael, na cerim\u00f3nia de encerramento da \u2018Opera\u00e7\u00e3o Bwerane\u2019, evento que se realizou no posto administrativo de Ressano Garcia, distrito de Moamba, prov\u00edncia de Maputo. Rafael garante que a deten\u00e7\u00e3o dos violadores dever\u00e1 acontecer em breve, porque a corpora\u00e7\u00e3o j\u00e1 est\u00e1 ao seu encal\u00e7o. Disse que os perpetradores do crime dever\u00e3o ser submetidos a um exame de sanidade mental. \u201cAlguma coisa est\u00e1 errada nestes indiv\u00edduos. Vamos pedir exames de sanidade, vamos pedir a medicina para nos ajudar a interpretar este fen\u00f3meno de tanta gan\u00e2ncia de violar as crian\u00e7as\u201d, afirmou. Como uma das formas de travar este tipo de crime, o Comandante-Geral da PRM apelou \u00e0s comunidades a serem cada vez mais vigilantes. Na mesma ocasi\u00e3o, Rafael revelou que nove afogamentos ocorreram durante o per\u00edodo em an\u00e1lise nas praias mo\u00e7ambicanas. Sobre os afogamentos, pediu aos pais e encarregados de educa\u00e7\u00e3o, bem como aos adultos, a serem vigilantes no comportamento das crian\u00e7as que estiverem nas praias. \u201cTemos que pedir aos pais para controlarem as crian\u00e7as neste per\u00edodo de f\u00e9rias para que elas n\u00e3o se aproximem das praias sem que tenham tido algu\u00e9m para lhes acompanhar\u201d, disse. Reiterou que os que residem perto das praias mo\u00e7ambicanas devem ser mais vigilantes e denunciar \u00e0s autoridades quaisquer casos an\u00f3malas. Sobre as outras ocorr\u00eancias, Rafael disse que houve 28 acidentes de via\u00e7\u00e3o, contra 31, durante a quadra festiva 2017\/2018. No per\u00edodo em an\u00e1lise, segundo Rafael, houve o registo de 22 casos criminais, contra 31, em igual per\u00edodo do ano passado.","thumbnail_url":"http:\/\/interlusofona.info\/wp-content\/uploads\/2018\/01\/Mo%C3%A7ambique-115-crian%C3%A7as-violadas-sexualmente-durante-a-quadra-festiva.jpg"}