{"version":"1.0","provider_name":"TVM - Televis\u00e3o de Mo\u00e7ambique","provider_url":"https:\/\/www.tvm.co.mz\/novosite","author_name":"Leopoldino Bambo","author_url":"https:\/\/www.tvm.co.mz\/novosite\/author\/lbambo\/","title":"Na\u00e7\u00f5es Unidas querem intensificar luta contra o pl\u00e1stico - TVM - Televis\u00e3o de Mo\u00e7ambique","type":"rich","width":600,"height":338,"html":"<blockquote class=\"wp-embedded-content\" data-secret=\"zNd4sz9uUn\"><a href=\"https:\/\/www.tvm.co.mz\/novosite\/2018\/12\/05\/nacoes-unidas-querem-intensificar-luta-contra-o-plastico\/\">Na\u00e7\u00f5es Unidas querem intensificar luta contra o pl\u00e1stico<\/a><\/blockquote><iframe sandbox=\"allow-scripts\" security=\"restricted\" src=\"https:\/\/www.tvm.co.mz\/novosite\/2018\/12\/05\/nacoes-unidas-querem-intensificar-luta-contra-o-plastico\/embed\/#?secret=zNd4sz9uUn\" width=\"600\" height=\"338\" title=\"&#8220;Na\u00e7\u00f5es Unidas querem intensificar luta contra o pl\u00e1stico&#8221; &#8212; TVM - Televis\u00e3o de Mo\u00e7ambique\" data-secret=\"zNd4sz9uUn\" frameborder=\"0\" marginwidth=\"0\" marginheight=\"0\" scrolling=\"no\" class=\"wp-embedded-content\"><\/iframe><script>\n\/*! This file is auto-generated *\/\n!function(d,l){\"use strict\";l.querySelector&&d.addEventListener&&\"undefined\"!=typeof URL&&(d.wp=d.wp||{},d.wp.receiveEmbedMessage||(d.wp.receiveEmbedMessage=function(e){var t=e.data;if((t||t.secret||t.message||t.value)&&!\/[^a-zA-Z0-9]\/.test(t.secret)){for(var s,r,n,a=l.querySelectorAll('iframe[data-secret=\"'+t.secret+'\"]'),o=l.querySelectorAll('blockquote[data-secret=\"'+t.secret+'\"]'),c=new RegExp(\"^https?:$\",\"i\"),i=0;i<o.length;i++)o[i].style.display=\"none\";for(i=0;i<a.length;i++)s=a[i],e.source===s.contentWindow&&(s.removeAttribute(\"style\"),\"height\"===t.message?(1e3<(r=parseInt(t.value,10))?r=1e3:~~r<200&&(r=200),s.height=r):\"link\"===t.message&&(r=new URL(s.getAttribute(\"src\")),n=new URL(t.value),c.test(n.protocol))&&n.host===r.host&&l.activeElement===s&&(d.top.location.href=t.value))}},d.addEventListener(\"message\",d.wp.receiveEmbedMessage,!1),l.addEventListener(\"DOMContentLoaded\",function(){for(var e,t,s=l.querySelectorAll(\"iframe.wp-embedded-content\"),r=0;r<s.length;r++)(t=(e=s[r]).getAttribute(\"data-secret\"))||(t=Math.random().toString(36).substring(2,12),e.src+=\"#?secret=\"+t,e.setAttribute(\"data-secret\",t)),e.contentWindow.postMessage({message:\"ready\",secret:t},\"*\")},!1)))}(window,document);\n\/\/# sourceURL=https:\/\/www.tvm.co.mz\/novosite\/wp-includes\/js\/wp-embed.min.js\n<\/script>\n","description":"A presidente da Assembleia Geral das Na\u00e7\u00f5es Unidas, a equatoriana Maria Fernanda Espinosa, afirmou hoje a sua vontade de intensificar a luta global contra a polui\u00e7\u00e3o de pl\u00e1sticos.&#8220;Oitenta por cento dos pl\u00e1sticos acabam nos oceanos. Vamos entre as oito e as 12 milh\u00f5es de toneladas por ano&#8221;, disse a presidente, numa conferencia de imprensa em que esteve acompanhada pelo primeiro-ministro de Antiga e Barbuda, Gaston Browne. Segundo Maria Fernanda Espinosa, at\u00e9 2050 haver\u00e1 &#8220;mais pl\u00e1stico no mar do que peixes&#8221;. &#8220;Os micropl\u00e1sticos s\u00e3o encontrados no sal e na \u00e1gua e, por isso, presume-se que cada pessoa no planeta tenha pl\u00e1stico no seu corpo&#8221;, explicou. A intensifica\u00e7\u00e3o da luta global visa complementar os esfor\u00e7os j\u00e1 feitos, entre outros, por v\u00e1rias ag\u00eancias das Na\u00e7\u00f5es Unidas, frisou. Em fevereiro, a ag\u00eancia das Na\u00e7\u00f5es Unidas para o ambiente iniciou uma campanha global, denominada &#8216;#OceansPropres&#8217;, para impedir o desperd\u00edcio de pl\u00e1stico. Lan\u00e7ada na Cimeira Ocean World, realizada em Bali, na Indon\u00e9sia, a campanha exorta os governos a adotarem pol\u00edticas de redu\u00e7\u00e3o de pl\u00e1stico, solicitando \u00e0s ind\u00fastrias para minimizarem as embalagens de pl\u00e1stico e a repensarem a conce\u00e7\u00e3o dos produtos, antes que os oceanos sejam irreversivelmente danificados. A a\u00e7\u00e3o da presidente da Assembleia Geral visa intensificar, atrav\u00e9s das Na\u00e7\u00f5es Unidas, a consciencializa\u00e7\u00e3o dos danos causados pelo pl\u00e1stico e limitar o uso nas suas ag\u00eancias.","thumbnail_url":"https:\/\/static.noticiasaominuto.com\/stockimages\/1920\/20853550.jpg"}