{"version":"1.0","provider_name":"TVM - Televis\u00e3o de Mo\u00e7ambique","provider_url":"https:\/\/www.tvm.co.mz\/novosite","author_name":"Leopoldino Bambo","author_url":"https:\/\/www.tvm.co.mz\/novosite\/author\/lbambo\/","title":"Febre aftosa aumenta custos com vacina\u00e7\u00e3o - TVM - Televis\u00e3o de Mo\u00e7ambique","type":"rich","width":600,"height":338,"html":"<blockquote class=\"wp-embedded-content\" data-secret=\"ZnhQtg7SjM\"><a href=\"https:\/\/www.tvm.co.mz\/novosite\/2018\/09\/23\/febre-aftosa-aumenta-custos-com-vacinacao\/\">Febre aftosa aumenta custos com vacina\u00e7\u00e3o<\/a><\/blockquote><iframe sandbox=\"allow-scripts\" security=\"restricted\" src=\"https:\/\/www.tvm.co.mz\/novosite\/2018\/09\/23\/febre-aftosa-aumenta-custos-com-vacinacao\/embed\/#?secret=ZnhQtg7SjM\" width=\"600\" height=\"338\" title=\"&#8220;Febre aftosa aumenta custos com vacina\u00e7\u00e3o&#8221; &#8212; TVM - Televis\u00e3o de Mo\u00e7ambique\" data-secret=\"ZnhQtg7SjM\" frameborder=\"0\" marginwidth=\"0\" marginheight=\"0\" scrolling=\"no\" class=\"wp-embedded-content\"><\/iframe><script>\n\/*! This file is auto-generated *\/\n!function(d,l){\"use strict\";l.querySelector&&d.addEventListener&&\"undefined\"!=typeof URL&&(d.wp=d.wp||{},d.wp.receiveEmbedMessage||(d.wp.receiveEmbedMessage=function(e){var t=e.data;if((t||t.secret||t.message||t.value)&&!\/[^a-zA-Z0-9]\/.test(t.secret)){for(var s,r,n,a=l.querySelectorAll('iframe[data-secret=\"'+t.secret+'\"]'),o=l.querySelectorAll('blockquote[data-secret=\"'+t.secret+'\"]'),c=new RegExp(\"^https?:$\",\"i\"),i=0;i<o.length;i++)o[i].style.display=\"none\";for(i=0;i<a.length;i++)s=a[i],e.source===s.contentWindow&&(s.removeAttribute(\"style\"),\"height\"===t.message?(1e3<(r=parseInt(t.value,10))?r=1e3:~~r<200&&(r=200),s.height=r):\"link\"===t.message&&(r=new URL(s.getAttribute(\"src\")),n=new URL(t.value),c.test(n.protocol))&&n.host===r.host&&l.activeElement===s&&(d.top.location.href=t.value))}},d.addEventListener(\"message\",d.wp.receiveEmbedMessage,!1),l.addEventListener(\"DOMContentLoaded\",function(){for(var e,t,s=l.querySelectorAll(\"iframe.wp-embedded-content\"),r=0;r<s.length;r++)(t=(e=s[r]).getAttribute(\"data-secret\"))||(t=Math.random().toString(36).substring(2,12),e.src+=\"#?secret=\"+t,e.setAttribute(\"data-secret\",t)),e.contentWindow.postMessage({message:\"ready\",secret:t},\"*\")},!1)))}(window,document);\n\/\/# sourceURL=https:\/\/www.tvm.co.mz\/novosite\/wp-includes\/js\/wp-embed.min.js\n<\/script>\n","thumbnail_url":"https:\/\/www.tvm.co.mz\/novosite\/wp-content\/uploads\/2018\/09\/febre-aftosa-640x383.jpg","thumbnail_width":640,"thumbnail_height":383,"description":"O SURTO da febre aftosa que afecta o pa\u00eds, desde finais do ano passado, obrigou o sector da Agricultura e Seguran\u00e7a Alimentar a quadruplicar o investimento na aquisi\u00e7\u00e3o de vacinas para imuniza\u00e7\u00e3o do gado.Nos \u00faltimos anos, as autoridades veterin\u00e1rias investiam anualmente 22 milh\u00f5es de meticais na compra de doses para administrar em animais das zonas propensas \u00e0 ocorr\u00eancia da doen\u00e7a. Este valor aumentou para 118 milh\u00f5es de meticais, este ano, na sequ\u00eancia da eclos\u00e3o e alastramento da febre aftosa nas prov\u00edncias de Tete, Nampula, Inhambane, Gaza e Maputo.Segundo Am\u00e9rico da Concei\u00e7\u00e3o, director nacional de Veterin\u00e1ria, o alastramento da doen\u00e7a deveu-se \u00e0 falta de colabora\u00e7\u00e3o dos criadores e comerciantes que ignoraram as medidas de restri\u00e7\u00e3o de movimento de animais e carnes das zonas afectadas para as regi\u00f5es livres.\u201cInicialmente, a febre estava circunscrita \u00e0 prov\u00edncia de Tete e houve quem transportou gado infectado para Mogovolas, em Nampula. Depois tivemos movimento de gado de Gaza, numa zona infectada, para o distrito de Panda, em Inhambane, e o mesmo sucedeu entre Tete e Manica\u201d, disse.Concei\u00e7\u00e3o, que tem vindo a interagir com marchantes das prov\u00edncias de Maputo, Gaza e Inhambane, explicou que a responsabilidade pelo alastramento da doen\u00e7a deve ser compartilhada pelos v\u00e1rios intervenientes, incluindo as autoridades veterin\u00e1rias.\u201cDurante muito tempo deixamos de fazer um controlo cerrado da circula\u00e7\u00e3o de animais e carnes nas estradas nacionais. O resultado que obtivemos foi o alastramento da doen\u00e7a, porque n\u00e3o fomos rigorosos quanto \u00e0 inspec\u00e7\u00e3o do transporte de gado e carne\u201d, acrescentou a fonte.Refira-se que, neste momento, as autoridades veterin\u00e1rias est\u00e3o a preparar a segunda fase de imuniza\u00e7\u00e3o do gado contra a febre aftosa e adquirir doses para realizar a vacina\u00e7\u00e3o de rotina nas zonas propensas \u00e0 ocorr\u00eancia da doen\u00e7a.Ao todo, o Minist\u00e9rio da Agricultura e Seguran\u00e7a Alimentar (MASA) precisa de um milh\u00e3o de vacinas, metade das quais em processo de aquisi\u00e7\u00e3o no Botswana e para a outra parte solicitando apoio do Instituto Nacional de Gest\u00e3o de Calamidades (INGC).A aquisi\u00e7\u00e3o das vacinas acontece numa altura em que mais de 138 mil animais foram vacinados, de um total de 458 mil que se espera que sejam abrangidos no processo.Fonte da Direc\u00e7\u00e3o Nacional de Veterin\u00e1ria (DINAV) explica que a segunda fase de imuniza\u00e7\u00e3o vai cobrir as zonas onde foi decretada a proibi\u00e7\u00e3o do movimento de animais e carnes, bem como as regi\u00f5es adjacentes, num raio de 50 quil\u00f3metros dos distritos afectados pela febre aftosa.Esta febre \u00e9 uma doen\u00e7a viral altamente contagiosa de ruminantes e su\u00ednos, causada por sete serotipos do v\u00edrus do g\u00eanero \u201cAphthovirus\u201d. Os serotipos mais comuns para Mo\u00e7ambique s\u00e3o SAT 1, 2, 3 e O. As zonas Sul e Centro do pa\u00eds s\u00e3o as que t\u00eam sido mais afectadas pelos surtos da febre aftosa. Link:&nbsp;http:\/\/www.jornalnoticias.co.mz\/index.php\/2018-05-04-10-20-41\/81985-febre-aftosa-aumenta-custos-com-vacinacao"}