{"version":"1.0","provider_name":"TVM - Televis\u00e3o de Mo\u00e7ambique","provider_url":"https:\/\/www.tvm.co.mz\/novosite","author_name":"Edson Sengo","author_url":"https:\/\/www.tvm.co.mz\/novosite\/author\/esengo\/","title":"Confronto leva fundador do WhatsApp a abandonar Facebook - TVM - Televis\u00e3o de Mo\u00e7ambique","type":"rich","width":600,"height":338,"html":"<blockquote class=\"wp-embedded-content\" data-secret=\"cErg2wTLlV\"><a href=\"https:\/\/www.tvm.co.mz\/novosite\/2018\/05\/03\/confronto-leva-fundador-do-whatsapp-a-abandonar-facebook\/\">Confronto leva fundador do WhatsApp a abandonar Facebook<\/a><\/blockquote><iframe sandbox=\"allow-scripts\" security=\"restricted\" src=\"https:\/\/www.tvm.co.mz\/novosite\/2018\/05\/03\/confronto-leva-fundador-do-whatsapp-a-abandonar-facebook\/embed\/#?secret=cErg2wTLlV\" width=\"600\" height=\"338\" title=\"&#8220;Confronto leva fundador do WhatsApp a abandonar Facebook&#8221; &#8212; TVM - Televis\u00e3o de Mo\u00e7ambique\" data-secret=\"cErg2wTLlV\" frameborder=\"0\" marginwidth=\"0\" marginheight=\"0\" scrolling=\"no\" class=\"wp-embedded-content\"><\/iframe><script>\n\/*! This file is auto-generated *\/\n!function(d,l){\"use strict\";l.querySelector&&d.addEventListener&&\"undefined\"!=typeof URL&&(d.wp=d.wp||{},d.wp.receiveEmbedMessage||(d.wp.receiveEmbedMessage=function(e){var t=e.data;if((t||t.secret||t.message||t.value)&&!\/[^a-zA-Z0-9]\/.test(t.secret)){for(var s,r,n,a=l.querySelectorAll('iframe[data-secret=\"'+t.secret+'\"]'),o=l.querySelectorAll('blockquote[data-secret=\"'+t.secret+'\"]'),c=new RegExp(\"^https?:$\",\"i\"),i=0;i<o.length;i++)o[i].style.display=\"none\";for(i=0;i<a.length;i++)s=a[i],e.source===s.contentWindow&&(s.removeAttribute(\"style\"),\"height\"===t.message?(1e3<(r=parseInt(t.value,10))?r=1e3:~~r<200&&(r=200),s.height=r):\"link\"===t.message&&(r=new URL(s.getAttribute(\"src\")),n=new URL(t.value),c.test(n.protocol))&&n.host===r.host&&l.activeElement===s&&(d.top.location.href=t.value))}},d.addEventListener(\"message\",d.wp.receiveEmbedMessage,!1),l.addEventListener(\"DOMContentLoaded\",function(){for(var e,t,s=l.querySelectorAll(\"iframe.wp-embedded-content\"),r=0;r<s.length;r++)(t=(e=s[r]).getAttribute(\"data-secret\"))||(t=Math.random().toString(36).substring(2,12),e.src+=\"#?secret=\"+t,e.setAttribute(\"data-secret\",t)),e.contentWindow.postMessage({message:\"ready\",secret:t},\"*\")},!1)))}(window,document);\n\/\/# sourceURL=https:\/\/www.tvm.co.mz\/novosite\/wp-includes\/js\/wp-embed.min.js\n<\/script>\n","thumbnail_url":"https:\/\/www.tvm.co.mz\/novosite\/wp-content\/uploads\/2018\/05\/naom_5ae9bab484829.jpg","thumbnail_width":1920,"thumbnail_height":1080,"description":"Jan Koum anunciou a sa\u00edda atrav\u00e9s da sua p\u00e1gina oficial na rede social. O co-fundador e CEO do WhatsApp, Jan Koum, anunciou a sua sa\u00edda n\u00e3o s\u00f3 do conselho de administra\u00e7\u00e3o do Facebook como da pr\u00f3pria empresa, naquilo que se prev\u00ea ter sido o resultado de confrontos sobre a forma como s\u00e3o obtidos e utilizados dados dos utilizadores. \u201cFaz quase dez anos desde que eu e o Brian [Acton] fund\u00e1mos o WhatsApp e tem sido uma jornada incr\u00edvel com algumas das melhores pessoas\u201d, escreve Koum na sua p\u00e1gina pessoal no Facebook. O fundador da app de mensagens adianta que chegou a \u201caltura de seguir em frente\u201d e, apesar de n\u00e3o esclarecer o motivo da sa\u00edda, adianta que sai da empresa \u201cnuma altura em que as pessoas est\u00e3o a usar o WhatsApp de mais formas do que podia imaginar\u201d. &nbsp; Koum n\u00e3o revela o que far\u00e1 depois de sair da empresa mas admite que far\u00e1 um intervalo para fazer as coisas que gosta al\u00e9m da tecnologia, nomeadamente \u201ctrabalhar nos carros e jogar \u2018ultimate frisbee\u2019\u201d."}