{"version":"1.0","provider_name":"TVM - Televis\u00e3o de Mo\u00e7ambique","provider_url":"https:\/\/www.tvm.co.mz\/novosite","author_name":"Edson Sengo","author_url":"https:\/\/www.tvm.co.mz\/novosite\/author\/esengo\/","title":"Presidente da Guin\u00e9-Bissau nomeia novo Governo - TVM - Televis\u00e3o de Mo\u00e7ambique","type":"rich","width":600,"height":338,"html":"<blockquote class=\"wp-embedded-content\" data-secret=\"KjgaSTudRs\"><a href=\"https:\/\/www.tvm.co.mz\/novosite\/2018\/04\/26\/presidente-da-guine-bissau-nomeia-novo-governo\/\">Presidente da Guin\u00e9-Bissau nomeia novo Governo<\/a><\/blockquote><iframe sandbox=\"allow-scripts\" security=\"restricted\" src=\"https:\/\/www.tvm.co.mz\/novosite\/2018\/04\/26\/presidente-da-guine-bissau-nomeia-novo-governo\/embed\/#?secret=KjgaSTudRs\" width=\"600\" height=\"338\" title=\"&#8220;Presidente da Guin\u00e9-Bissau nomeia novo Governo&#8221; &#8212; TVM - Televis\u00e3o de Mo\u00e7ambique\" data-secret=\"KjgaSTudRs\" frameborder=\"0\" marginwidth=\"0\" marginheight=\"0\" scrolling=\"no\" class=\"wp-embedded-content\"><\/iframe><script>\n\/*! This file is auto-generated *\/\n!function(d,l){\"use strict\";l.querySelector&&d.addEventListener&&\"undefined\"!=typeof URL&&(d.wp=d.wp||{},d.wp.receiveEmbedMessage||(d.wp.receiveEmbedMessage=function(e){var t=e.data;if((t||t.secret||t.message||t.value)&&!\/[^a-zA-Z0-9]\/.test(t.secret)){for(var s,r,n,a=l.querySelectorAll('iframe[data-secret=\"'+t.secret+'\"]'),o=l.querySelectorAll('blockquote[data-secret=\"'+t.secret+'\"]'),c=new RegExp(\"^https?:$\",\"i\"),i=0;i<o.length;i++)o[i].style.display=\"none\";for(i=0;i<a.length;i++)s=a[i],e.source===s.contentWindow&&(s.removeAttribute(\"style\"),\"height\"===t.message?(1e3<(r=parseInt(t.value,10))?r=1e3:~~r<200&&(r=200),s.height=r):\"link\"===t.message&&(r=new URL(s.getAttribute(\"src\")),n=new URL(t.value),c.test(n.protocol))&&n.host===r.host&&l.activeElement===s&&(d.top.location.href=t.value))}},d.addEventListener(\"message\",d.wp.receiveEmbedMessage,!1),l.addEventListener(\"DOMContentLoaded\",function(){for(var e,t,s=l.querySelectorAll(\"iframe.wp-embedded-content\"),r=0;r<s.length;r++)(t=(e=s[r]).getAttribute(\"data-secret\"))||(t=Math.random().toString(36).substring(2,12),e.src+=\"#?secret=\"+t,e.setAttribute(\"data-secret\",t)),e.contentWindow.postMessage({message:\"ready\",secret:t},\"*\")},!1)))}(window,document);\n\/\/# sourceURL=https:\/\/www.tvm.co.mz\/novosite\/wp-includes\/js\/wp-embed.min.js\n<\/script>\n","thumbnail_url":"https:\/\/www.tvm.co.mz\/novosite\/wp-content\/uploads\/2018\/04\/19944373.jpg","thumbnail_width":1920,"thumbnail_height":1080,"description":"O Presidente da Guin\u00e9-Bissau, Jos\u00e9 M\u00e1rio Vaz, nomeou hoje o novo Governo liderado pelo primeiro-ministro, Aristides Gomes, depois de intensas negocia\u00e7\u00f5es com a participa\u00e7\u00e3o da Comunidade Econ\u00f3mica dos Estados da \u00c1frica Ocidental (CEDEAO). Segundo o decreto presidencial, enviado \u00e0 ag\u00eancia Lusa, com a pasta do Minist\u00e9rio dos Neg\u00f3cios Estrangeiros ficou Jo\u00e3o Butiam C\u00f3, um jovem soci\u00f3logo e antigo diretor-geral do Instituto Nacional de Estudos e Pesquisas. Outro destaque da forma\u00e7\u00e3o do novo Governo \u00e9 o Minist\u00e9rio da Economia e Finan\u00e7as, que fica sob tutela do primeiro-ministro guineense. O Minist\u00e9rio do Interior, que gerou disputas entre os partidos e a Presid\u00eancia da Rep\u00fablica, foi entregue a Mutaro Djal\u00f3, um quadro s\u00e9nior daquele minist\u00e9rio e recentemente promovido a general. A pasta da Defesa ficou entregue a Eduardo Costa Sanh\u00e1, que tamb\u00e9m mant\u00e9m a pasta. Na forma\u00e7\u00e3o do Governo, que se baseou no Acordo de Conacri, o Partido Africano para a Independ\u00eancia da Guin\u00e9 e Cabo Verde (PAIGC), vencedor das legislativas de 2014, ficou com quatro minist\u00e9rios e quatro secretarias de Estado. Os minist\u00e9rios entregues ao PAIGC s\u00e3o a Educa\u00e7\u00e3o e Ensino Superior e Desporto (Camilo Sim\u00f5es Pereira), Obras P\u00fablicas, Constru\u00e7\u00e3o e Urbanismo (Ant\u00f3nio \u00d3scar Barbosa), Administra\u00e7\u00e3o Territorial (Ester Fernandes) e Pescas (Adiatu Nandigna). O PAIGC ficou tamb\u00e9m com as secret\u00e1rias de Estado das Comunidades (Queba Banjai), da Gest\u00e3o Hospitalar (Pauleta Camar\u00e1), da Energia (Jo\u00e3o Saad), e do Tesouro (Suleimane Seidi). O PRS, segunda bancada parlamentar, ficou com os minist\u00e9rios da Agricultura e Desenvolvimento Rural (Nicolau dos Santos, que mant\u00e9m a pasta), Energia, Ind\u00fastria e Recursos Naturais (Ant\u00f3nio Serifo Embal\u00f3), Reforma Administrativa, Fun\u00e7\u00e3o P\u00fablica e Trabalho (Fernando Gomes), Comunica\u00e7\u00e3o Social (Vitor Pereira, mant\u00e9m a pasta) e Sa\u00fade P\u00fablica, Fam\u00edlia e Coes\u00e3o Social (Maria In\u00e1cia Sanh\u00e1). As secret\u00e1rias de Estado do Ambiente (Quit\u00e9 Djal\u00f3), Or\u00e7amento e Assuntos Fiscais (Jo\u00e3o Alberto Djat\u00e1) ficaram com o PRS. No \u00e2mbito do Acordo de Conacri, os restantes partidos com representa\u00e7\u00e3o parlamentar, nomeadamente Partido da Converg\u00eancia Democr\u00e1tica, Partido da Nova Democracia e Uni\u00e3o para a Mudan\u00e7a, tamb\u00e9m ficaram respons\u00e1veis por tr\u00eas minist\u00e9rios. O Partido da Converg\u00eancia Democr\u00e1tica ficou com o Minist\u00e9rio do Com\u00e9rcio, Turismo e Artesanato (Vicente Fernandes) e com a secretaria de Estado do Plano e Integra\u00e7\u00e3o Regional (Umiliano Cardoso). Ao Partido da Nova Democracia foi atribu\u00eddo o Minist\u00e9rio da Justi\u00e7a e dos Direitos Humanos (Iaia Djal\u00f3) e \u00e0 Uni\u00e3o para a Mudan\u00e7a a pasta da Presid\u00eancia do Conselho de Ministros e Assuntos Parlamentares (Agnelo Regala). O grupo dos 15 deputados dissidentes do PAIGC ficou com as pastas dos Transportes e Comunica\u00e7\u00f5es (Mamadu Serifo Djaquit\u00e9) e Combatentes da Liberdade da P\u00e1tria (Aristides Ocante da Silva, que mant\u00e9m a pasta) e a secretaria de Estado da Juventude, Cultura e Desporto (Florentino Dias). O novo Governo guineense foi anunciado depois de intensas negocia\u00e7\u00f5es decorridas entre ter\u00e7a-feira e hoje e que envolveram a CEDEAO, atrav\u00e9s de uma miss\u00e3o liderada pelo chefe da diplomacia do Togo, Robert Dussey. O novo Governo toma posse esta quinta-feira, \u00e0s 11:00."}