{"version":"1.0","provider_name":"TVM - Televis\u00e3o de Mo\u00e7ambique","provider_url":"https:\/\/www.tvm.co.mz\/novosite","author_name":"Edson Sengo","author_url":"https:\/\/www.tvm.co.mz\/novosite\/author\/esengo\/","title":"Nova esp\u00e9cie de morcego descoberta em Mo\u00e7ambique - TVM - Televis\u00e3o de Mo\u00e7ambique","type":"rich","width":600,"height":338,"html":"<blockquote class=\"wp-embedded-content\" data-secret=\"BJ8RdGpo8r\"><a href=\"https:\/\/www.tvm.co.mz\/novosite\/2018\/04\/26\/nova-especie-de-morcego-descoberta-em-mocambique\/\">Nova esp\u00e9cie de morcego descoberta em Mo\u00e7ambique<\/a><\/blockquote><iframe sandbox=\"allow-scripts\" security=\"restricted\" src=\"https:\/\/www.tvm.co.mz\/novosite\/2018\/04\/26\/nova-especie-de-morcego-descoberta-em-mocambique\/embed\/#?secret=BJ8RdGpo8r\" width=\"600\" height=\"338\" title=\"&#8220;Nova esp\u00e9cie de morcego descoberta em Mo\u00e7ambique&#8221; &#8212; TVM - Televis\u00e3o de Mo\u00e7ambique\" data-secret=\"BJ8RdGpo8r\" frameborder=\"0\" marginwidth=\"0\" marginheight=\"0\" scrolling=\"no\" class=\"wp-embedded-content\"><\/iframe><script>\n\/*! This file is auto-generated *\/\n!function(d,l){\"use strict\";l.querySelector&&d.addEventListener&&\"undefined\"!=typeof URL&&(d.wp=d.wp||{},d.wp.receiveEmbedMessage||(d.wp.receiveEmbedMessage=function(e){var t=e.data;if((t||t.secret||t.message||t.value)&&!\/[^a-zA-Z0-9]\/.test(t.secret)){for(var s,r,n,a=l.querySelectorAll('iframe[data-secret=\"'+t.secret+'\"]'),o=l.querySelectorAll('blockquote[data-secret=\"'+t.secret+'\"]'),c=new RegExp(\"^https?:$\",\"i\"),i=0;i<o.length;i++)o[i].style.display=\"none\";for(i=0;i<a.length;i++)s=a[i],e.source===s.contentWindow&&(s.removeAttribute(\"style\"),\"height\"===t.message?(1e3<(r=parseInt(t.value,10))?r=1e3:~~r<200&&(r=200),s.height=r):\"link\"===t.message&&(r=new URL(s.getAttribute(\"src\")),n=new URL(t.value),c.test(n.protocol))&&n.host===r.host&&l.activeElement===s&&(d.top.location.href=t.value))}},d.addEventListener(\"message\",d.wp.receiveEmbedMessage,!1),l.addEventListener(\"DOMContentLoaded\",function(){for(var e,t,s=l.querySelectorAll(\"iframe.wp-embedded-content\"),r=0;r<s.length;r++)(t=(e=s[r]).getAttribute(\"data-secret\"))||(t=Math.random().toString(36).substring(2,12),e.src+=\"#?secret=\"+t,e.setAttribute(\"data-secret\",t)),e.contentWindow.postMessage({message:\"ready\",secret:t},\"*\")},!1)))}(window,document);\n\/\/# sourceURL=https:\/\/www.tvm.co.mz\/novosite\/wp-includes\/js\/wp-embed.min.js\n<\/script>\n","thumbnail_url":"https:\/\/www.tvm.co.mz\/novosite\/wp-content\/uploads\/2018\/04\/22990181.jpg","thumbnail_width":1920,"thumbnail_height":1080,"description":"Uma nova esp\u00e9cie de morcego foi descoberta no Parque Nacional da Gorongosa, no centro de Mo\u00e7ambique, anunciou hoje a institui\u00e7\u00e3o. A descoberta foi publicada no &#8220;Zoological Journal of the Linnean Society&#8221; por um grupo liderado por academias da \u00c1frica do Sul, num artigo em que a esp\u00e9cie \u00e9 batizada com o nome cient\u00edfico Rhinolophus gorongosae. O mam\u00edfero &#8220;parece ocorrer apenas no Parque Nacional da Gorongosa e no Monte Mecula, nas proximidades&#8221;, anunciou a dire\u00e7\u00e3o da \u00e1rea natural, em comunicado. O estudo recorre a t\u00e9cnicas gen\u00e9ticas e morfol\u00f3gicas para demonstrar tratar-se de uma esp\u00e9cie diferente das popula\u00e7\u00f5es vizinhas, possuindo &#8220;uma massa de apenas cinco gramas&#8221; e tornando-se assim &#8220;no menor morcego-de-ferradura de \u00c1frica&#8221;, acrescenta o parque. O artigo identificou ainda duas novas esp\u00e9cies de morcego (Rhinolophus rhodesiae e Rhinolophus lobatus) no norte de Mo\u00e7ambique e noutras partes da \u00c1frica Austral, conclui. O estudo eleva a contagem de esp\u00e9cies de morcegos em Mo\u00e7ambique para 71, dos quais 45 habitam no Parque da Gorongosa, onde nos \u00faltimos anos tem havido uma restaura\u00e7\u00e3o da vida selvagem. Depois de devastado pela guerra civil, uma parceria p\u00fablico-privada entre o Governo de Mo\u00e7ambique e a Funda\u00e7\u00e3o Carr foi estabelecida em 2008 para a gest\u00e3o conjunta do parque. A funda\u00e7\u00e3o \u00e9 uma organiza\u00e7\u00e3o sem fins lucrativos dos EUA. Em 2016, o Governo de Mo\u00e7ambique aprovou a prorroga\u00e7\u00e3o da parceria por mais 25 anos."}