{"version":"1.0","provider_name":"TVM - Televis\u00e3o de Mo\u00e7ambique","provider_url":"https:\/\/www.tvm.co.mz\/novosite","author_name":"Leopoldino Bambo","author_url":"https:\/\/www.tvm.co.mz\/novosite\/author\/lbambo\/","title":"Morreu o \u00faltimo urso polar tropical do mundo - TVM - Televis\u00e3o de Mo\u00e7ambique","type":"rich","width":600,"height":338,"html":"<blockquote class=\"wp-embedded-content\" data-secret=\"PyHNGJGjEW\"><a href=\"https:\/\/www.tvm.co.mz\/novosite\/2018\/04\/25\/morreu-o-ultimo-urso-polar-tropical-do-mundo\/\">Morreu o \u00faltimo urso polar tropical do mundo<\/a><\/blockquote><iframe sandbox=\"allow-scripts\" security=\"restricted\" src=\"https:\/\/www.tvm.co.mz\/novosite\/2018\/04\/25\/morreu-o-ultimo-urso-polar-tropical-do-mundo\/embed\/#?secret=PyHNGJGjEW\" width=\"600\" height=\"338\" title=\"&#8220;Morreu o \u00faltimo urso polar tropical do mundo&#8221; &#8212; TVM - Televis\u00e3o de Mo\u00e7ambique\" data-secret=\"PyHNGJGjEW\" frameborder=\"0\" marginwidth=\"0\" marginheight=\"0\" scrolling=\"no\" class=\"wp-embedded-content\"><\/iframe><script>\n\/*! This file is auto-generated *\/\n!function(d,l){\"use strict\";l.querySelector&&d.addEventListener&&\"undefined\"!=typeof URL&&(d.wp=d.wp||{},d.wp.receiveEmbedMessage||(d.wp.receiveEmbedMessage=function(e){var t=e.data;if((t||t.secret||t.message||t.value)&&!\/[^a-zA-Z0-9]\/.test(t.secret)){for(var s,r,n,a=l.querySelectorAll('iframe[data-secret=\"'+t.secret+'\"]'),o=l.querySelectorAll('blockquote[data-secret=\"'+t.secret+'\"]'),c=new RegExp(\"^https?:$\",\"i\"),i=0;i<o.length;i++)o[i].style.display=\"none\";for(i=0;i<a.length;i++)s=a[i],e.source===s.contentWindow&&(s.removeAttribute(\"style\"),\"height\"===t.message?(1e3<(r=parseInt(t.value,10))?r=1e3:~~r<200&&(r=200),s.height=r):\"link\"===t.message&&(r=new URL(s.getAttribute(\"src\")),n=new URL(t.value),c.test(n.protocol))&&n.host===r.host&&l.activeElement===s&&(d.top.location.href=t.value))}},d.addEventListener(\"message\",d.wp.receiveEmbedMessage,!1),l.addEventListener(\"DOMContentLoaded\",function(){for(var e,t,s=l.querySelectorAll(\"iframe.wp-embedded-content\"),r=0;r<s.length;r++)(t=(e=s[r]).getAttribute(\"data-secret\"))||(t=Math.random().toString(36).substring(2,12),e.src+=\"#?secret=\"+t,e.setAttribute(\"data-secret\",t)),e.contentWindow.postMessage({message:\"ready\",secret:t},\"*\")},!1)))}(window,document);\n\/\/# sourceURL=https:\/\/www.tvm.co.mz\/novosite\/wp-includes\/js\/wp-embed.min.js\n<\/script>\n","description":"&nbsp; Tinha 27 anos e morreu v\u00edtima de doen\u00e7as relacionadas com a idade. O \u00fanico urso polar nascido nos tr\u00f3picos morreu, em Singapura, v\u00edtima de doen\u00e7as relacionadas com a idade. A not\u00edcia foi dada pelo pr\u00f3prio zoo de Singapura atrav\u00e9s de um comunicado difundido na rede social Facebook. \u201cApesar dos melhores esfor\u00e7os da sua equipa , a condi\u00e7\u00e3o de Inuka piorou e tom\u00e1mos a dif\u00edcil, mas necess\u00e1ria, decis\u00e3o de n\u00e3o o reanimar\u201d, l\u00ea-se. Inuka nasceu no zoo, a 26 de dezembro de 1990, e l\u00e1 viveu at\u00e9 aos 27 anos, superando em dois anos a expetativa m\u00e9dia de vida de ursos em cativeiro. A presen\u00e7a de ursos polares no zoo de Singapura foi, desde sempre, alvo de controv\u00e9rsia entre ambientalistas e ativistas dos direitos dos animais. E facilmente se percebe porqu\u00ea: o clima de Singapura est\u00e1 longe de ser o clima do habitat natural de um urso polar, uma esp\u00e9cie nativa do \u00e1rtico. Contudo, Inuka, o quarto urso polar a nascer no zoo de Singapura, viveu num espa\u00e7o com o clima controlado, para que o ambiente fosse o mais parecido com o que seria o seu habitat. Ambientalistas e ativistas dos direitos dos animais iniciaram, ainda em 1978, uma campanha contra a presen\u00e7a de ursos polares neste jardim zool\u00f3gico, tendo, em 2006, sido anunciado pelo parque, ap\u00f3s v\u00e1rias discuss\u00f5es sobre o bem-estar animal, que o parque n\u00e3o teria mais ursos polares depois de Inuka, recorda a BBC.","thumbnail_url":"https:\/\/static.noticiasaominuto.com\/stockimages\/1920\/naom_5ae02438243e2.jpg"}