{"version":"1.0","provider_name":"TVM - Televis\u00e3o de Mo\u00e7ambique","provider_url":"https:\/\/www.tvm.co.mz\/novosite","author_name":"Edson Sengo","author_url":"https:\/\/www.tvm.co.mz\/novosite\/author\/esengo\/","title":"Fran\u00e7a\/Ataque: Trump condena atentado \"horr\u00edvel\" - TVM - Televis\u00e3o de Mo\u00e7ambique","type":"rich","width":600,"height":338,"html":"<blockquote class=\"wp-embedded-content\" data-secret=\"6nKrHBW0bD\"><a href=\"https:\/\/www.tvm.co.mz\/novosite\/2018\/03\/25\/franca-ataque-trump-condena-atentado-horrivel\/\">Fran\u00e7a\/Ataque: Trump condena atentado &#8220;horr\u00edvel&#8221;<\/a><\/blockquote><iframe sandbox=\"allow-scripts\" security=\"restricted\" src=\"https:\/\/www.tvm.co.mz\/novosite\/2018\/03\/25\/franca-ataque-trump-condena-atentado-horrivel\/embed\/#?secret=6nKrHBW0bD\" width=\"600\" height=\"338\" title=\"&#8220;Fran\u00e7a\/Ataque: Trump condena atentado &#8220;horr\u00edvel&#8221;&#8221; &#8212; TVM - Televis\u00e3o de Mo\u00e7ambique\" data-secret=\"6nKrHBW0bD\" frameborder=\"0\" marginwidth=\"0\" marginheight=\"0\" scrolling=\"no\" class=\"wp-embedded-content\"><\/iframe><script>\n\/*! This file is auto-generated *\/\n!function(d,l){\"use strict\";l.querySelector&&d.addEventListener&&\"undefined\"!=typeof URL&&(d.wp=d.wp||{},d.wp.receiveEmbedMessage||(d.wp.receiveEmbedMessage=function(e){var t=e.data;if((t||t.secret||t.message||t.value)&&!\/[^a-zA-Z0-9]\/.test(t.secret)){for(var s,r,n,a=l.querySelectorAll('iframe[data-secret=\"'+t.secret+'\"]'),o=l.querySelectorAll('blockquote[data-secret=\"'+t.secret+'\"]'),c=new RegExp(\"^https?:$\",\"i\"),i=0;i<o.length;i++)o[i].style.display=\"none\";for(i=0;i<a.length;i++)s=a[i],e.source===s.contentWindow&&(s.removeAttribute(\"style\"),\"height\"===t.message?(1e3<(r=parseInt(t.value,10))?r=1e3:~~r<200&&(r=200),s.height=r):\"link\"===t.message&&(r=new URL(s.getAttribute(\"src\")),n=new URL(t.value),c.test(n.protocol))&&n.host===r.host&&l.activeElement===s&&(d.top.location.href=t.value))}},d.addEventListener(\"message\",d.wp.receiveEmbedMessage,!1),l.addEventListener(\"DOMContentLoaded\",function(){for(var e,t,s=l.querySelectorAll(\"iframe.wp-embedded-content\"),r=0;r<s.length;r++)(t=(e=s[r]).getAttribute(\"data-secret\"))||(t=Math.random().toString(36).substring(2,12),e.src+=\"#?secret=\"+t,e.setAttribute(\"data-secret\",t)),e.contentWindow.postMessage({message:\"ready\",secret:t},\"*\")},!1)))}(window,document);\n\/\/# sourceURL=https:\/\/www.tvm.co.mz\/novosite\/wp-includes\/js\/wp-embed.min.js\n<\/script>\n","thumbnail_url":"https:\/\/www.tvm.co.mz\/novosite\/wp-content\/uploads\/2018\/03\/naom_58228fd394f2c.jpg","thumbnail_width":1920,"thumbnail_height":1080,"description":"O presidente norte-americano, Donald Trump, condenou hoje o atentado de sexta-feira em Fran\u00e7a, com quatro mortos e 15 feridos, e apresentou condol\u00eancias aos familiares das v\u00edtimas e ao chefe de Estado franc\u00eas, Emmanuel Macron. &#8220;Os nossos pensamentos e ora\u00e7\u00f5es est\u00e3o com as v\u00edtimas do horr\u00edvel ataque de ontem em Fran\u00e7a. Lamentamos a perda que a na\u00e7\u00e3o sofreu&#8221;, assinalou Trump na rede social Twitter. Trump condenou &#8220;as a\u00e7\u00f5es violentas do atacante e de quem lhe tenha dado apoio&#8221;. &#8220;Estamos contigo Emmanuel Macron&#8221;, acrescentou o presidente norte-americano. &nbsp; A morte hoje de um pol\u00edcia que se entregou em troca da liberta\u00e7\u00e3o de uma ref\u00e9m no supermercado de Tr\u00e8bes elevou para quatro o n\u00famero de v\u00edtimas mortais do ataque. Entre os feridos, h\u00e1 um cidad\u00e3o portugu\u00eas em estado grave. O autor deste atentado, Radouane Lakdim, um franc\u00eas de origem marroquina, disse atuar em nome do grupo &#8216;jihadista&#8217; Estado Isl\u00e2mico e foi abatido pela pol\u00edcia."}