{"version":"1.0","provider_name":"TVM - Televis\u00e3o de Mo\u00e7ambique","provider_url":"https:\/\/www.tvm.co.mz\/novosite","author_name":"Edson Sengo","author_url":"https:\/\/www.tvm.co.mz\/novosite\/author\/esengo\/","title":"Pare de ignorar as emo\u00e7\u00f5es, pela sua sa\u00fade - TVM - Televis\u00e3o de Mo\u00e7ambique","type":"rich","width":600,"height":338,"html":"<blockquote class=\"wp-embedded-content\" data-secret=\"qeajOHpIRT\"><a href=\"https:\/\/www.tvm.co.mz\/novosite\/2018\/03\/02\/pare-de-ignorar-as-emocoes-pela-sua-saude\/\">Pare de ignorar as emo\u00e7\u00f5es, pela sua sa\u00fade<\/a><\/blockquote><iframe sandbox=\"allow-scripts\" security=\"restricted\" src=\"https:\/\/www.tvm.co.mz\/novosite\/2018\/03\/02\/pare-de-ignorar-as-emocoes-pela-sua-saude\/embed\/#?secret=qeajOHpIRT\" width=\"600\" height=\"338\" title=\"&#8220;Pare de ignorar as emo\u00e7\u00f5es, pela sua sa\u00fade&#8221; &#8212; TVM - Televis\u00e3o de Mo\u00e7ambique\" data-secret=\"qeajOHpIRT\" frameborder=\"0\" marginwidth=\"0\" marginheight=\"0\" scrolling=\"no\" class=\"wp-embedded-content\"><\/iframe><script>\n\/*! This file is auto-generated *\/\n!function(d,l){\"use strict\";l.querySelector&&d.addEventListener&&\"undefined\"!=typeof URL&&(d.wp=d.wp||{},d.wp.receiveEmbedMessage||(d.wp.receiveEmbedMessage=function(e){var t=e.data;if((t||t.secret||t.message||t.value)&&!\/[^a-zA-Z0-9]\/.test(t.secret)){for(var s,r,n,a=l.querySelectorAll('iframe[data-secret=\"'+t.secret+'\"]'),o=l.querySelectorAll('blockquote[data-secret=\"'+t.secret+'\"]'),c=new RegExp(\"^https?:$\",\"i\"),i=0;i<o.length;i++)o[i].style.display=\"none\";for(i=0;i<a.length;i++)s=a[i],e.source===s.contentWindow&&(s.removeAttribute(\"style\"),\"height\"===t.message?(1e3<(r=parseInt(t.value,10))?r=1e3:~~r<200&&(r=200),s.height=r):\"link\"===t.message&&(r=new URL(s.getAttribute(\"src\")),n=new URL(t.value),c.test(n.protocol))&&n.host===r.host&&l.activeElement===s&&(d.top.location.href=t.value))}},d.addEventListener(\"message\",d.wp.receiveEmbedMessage,!1),l.addEventListener(\"DOMContentLoaded\",function(){for(var e,t,s=l.querySelectorAll(\"iframe.wp-embedded-content\"),r=0;r<s.length;r++)(t=(e=s[r]).getAttribute(\"data-secret\"))||(t=Math.random().toString(36).substring(2,12),e.src+=\"#?secret=\"+t,e.setAttribute(\"data-secret\",t)),e.contentWindow.postMessage({message:\"ready\",secret:t},\"*\")},!1)))}(window,document);\n\/\/# sourceURL=https:\/\/www.tvm.co.mz\/novosite\/wp-includes\/js\/wp-embed.min.js\n<\/script>\n","thumbnail_url":"https:\/\/www.tvm.co.mz\/novosite\/wp-content\/uploads\/2018\/03\/naom_5a969d1d42b7e.jpg","thumbnail_width":1920,"thumbnail_height":1080,"description":"Somos peritos em disfar\u00e7ar as emo\u00e7\u00f5es, mas as consequ\u00eancias que adv\u00eam desta nega\u00e7\u00e3o contam com v\u00e1rias desvantagens para a sa\u00fade. H\u00e1 muito ritmo nos dias de hoje. A press\u00e3o sente-se no trabalho, e na pr\u00f3pria vida pessoal, que leva a que se queira fazer v\u00e1rias coisas ao mesmo tempo e perder o m\u00ednimo de tempo poss\u00edvel. As cria\u00e7\u00f5es fazem por acompanhar este ritmo seja pelas conversas atrav\u00e9s do ecr\u00e3, para que n\u00e3o se \u2018perca tempo\u2019 ou casos t\u00e3o mais espec\u00edficos como m\u00e1quinas de lavar que se ligam atrav\u00e9s do telem\u00f3vel. O prop\u00f3sito \u00e9 o mesmo: n\u00e3o h\u00e1 tempo a perder, e h\u00e1 que ignorar quaisquer distra\u00e7\u00f5es. O levar esta ideia ao extremo camufla as emo\u00e7\u00f5es que naturalmente sentimos (ou dev\u00edamos sentir). Como diz a Time, a nossa sociedade \u201cn\u00e3o aprende a lidar com as emo\u00e7\u00f5es, mas a bloque\u00e1-las e evit\u00e1-las\u201d, um atual problema que leva por vezes ao abuso de \u00e1lcool, drogas (que inclui medicamentos) ou ecr\u00e3s \u2013 sendo que a tecnologia \u00e9 tamb\u00e9m vista como o v\u00edcio usado para evitar o lado mais humano e emocional. Este cen\u00e1rio, onde as emo\u00e7\u00f5es s\u00e3o anuladas, deve todavia ser contrariado, pelo bem da nossa sa\u00fade f\u00edsica e mental. Tais problemas foram explorados pela revista norte-americana que n\u00e3o se cinge \u00e0 import\u00e2ncia de nos abrirmos e expressarmos porque \u2018a comunica\u00e7\u00e3o \u00e9 importante\u2019. Em vez disso, explora problemas mais graves e menos conhecidos como a contra\u00e7\u00e3o muscular ou o conter da respira\u00e7\u00e3o: respostas biol\u00f3gicas \u00e0 n\u00e3o express\u00e3o. O n\u00e3o libertar emo\u00e7\u00f5es, a n\u00edvel verbal ou n\u00e3o, \u00e9 sentido pelo pr\u00f3prio organismo e pode resultar em problemas card\u00edacos, intestinais ou de imunidade. A maior dificuldade passa, comummente, pela ignor\u00e2ncia relativa ao tema: deixam-se levar pela exclus\u00e3o de emo\u00e7\u00f5es sem saber as suas consequ\u00eancias que, quando chegam, desconhece-se a origem e n\u00e3o se sabe como as tratar, j\u00e1 que as emo\u00e7\u00f5es s\u00e3o algo que n\u00e3o est\u00e1 ao alcance do nosso consciente. A solu\u00e7\u00e3o passa pois por consciencializar para o problema e para a import\u00e2ncia de se trabalhar as emo\u00e7\u00f5es no dia-a-dia."}