{"version":"1.0","provider_name":"TVM - Televis\u00e3o de Mo\u00e7ambique","provider_url":"https:\/\/www.tvm.co.mz\/novosite","author_name":"Edson Sengo","author_url":"https:\/\/www.tvm.co.mz\/novosite\/author\/esengo\/","title":"AirPod da Apple quase explodiu no ouvido - TVM - Televis\u00e3o de Mo\u00e7ambique","type":"rich","width":600,"height":338,"html":"<blockquote class=\"wp-embedded-content\" data-secret=\"iXDrvtkJr8\"><a href=\"https:\/\/www.tvm.co.mz\/novosite\/2018\/02\/12\/airpod-da-apple-quase-explodiu-no-ouvido\/\">AirPod da Apple quase explodiu no ouvido<\/a><\/blockquote><iframe sandbox=\"allow-scripts\" security=\"restricted\" src=\"https:\/\/www.tvm.co.mz\/novosite\/2018\/02\/12\/airpod-da-apple-quase-explodiu-no-ouvido\/embed\/#?secret=iXDrvtkJr8\" width=\"600\" height=\"338\" title=\"&#8220;AirPod da Apple quase explodiu no ouvido&#8221; &#8212; TVM - Televis\u00e3o de Mo\u00e7ambique\" data-secret=\"iXDrvtkJr8\" frameborder=\"0\" marginwidth=\"0\" marginheight=\"0\" scrolling=\"no\" class=\"wp-embedded-content\"><\/iframe><script>\n\/*! This file is auto-generated *\/\n!function(d,l){\"use strict\";l.querySelector&&d.addEventListener&&\"undefined\"!=typeof URL&&(d.wp=d.wp||{},d.wp.receiveEmbedMessage||(d.wp.receiveEmbedMessage=function(e){var t=e.data;if((t||t.secret||t.message||t.value)&&!\/[^a-zA-Z0-9]\/.test(t.secret)){for(var s,r,n,a=l.querySelectorAll('iframe[data-secret=\"'+t.secret+'\"]'),o=l.querySelectorAll('blockquote[data-secret=\"'+t.secret+'\"]'),c=new RegExp(\"^https?:$\",\"i\"),i=0;i<o.length;i++)o[i].style.display=\"none\";for(i=0;i<a.length;i++)s=a[i],e.source===s.contentWindow&&(s.removeAttribute(\"style\"),\"height\"===t.message?(1e3<(r=parseInt(t.value,10))?r=1e3:~~r<200&&(r=200),s.height=r):\"link\"===t.message&&(r=new URL(s.getAttribute(\"src\")),n=new URL(t.value),c.test(n.protocol))&&n.host===r.host&&l.activeElement===s&&(d.top.location.href=t.value))}},d.addEventListener(\"message\",d.wp.receiveEmbedMessage,!1),l.addEventListener(\"DOMContentLoaded\",function(){for(var e,t,s=l.querySelectorAll(\"iframe.wp-embedded-content\"),r=0;r<s.length;r++)(t=(e=s[r]).getAttribute(\"data-secret\"))||(t=Math.random().toString(36).substring(2,12),e.src+=\"#?secret=\"+t,e.setAttribute(\"data-secret\",t)),e.contentWindow.postMessage({message:\"ready\",secret:t},\"*\")},!1)))}(window,document);\n\/\/# sourceURL=https:\/\/www.tvm.co.mz\/novosite\/wp-includes\/js\/wp-embed.min.js\n<\/script>\n","thumbnail_url":"https:\/\/www.tvm.co.mz\/novosite\/wp-content\/uploads\/2018\/02\/naom_5a7dcbc62b94e.jpg","thumbnail_width":1920,"thumbnail_height":1080,"description":"AirPod da Apple quase explodiu no ouvido.&nbsp; Jason Colon estava a treinar no gin\u00e1sio quando deu por fumo a sair do ouvido direito. Um caso reportado por Jason Colon, residente no estado da Florida nos EUA, est\u00e1 a lan\u00e7ar suspeitas de perigo nos phones inteligentes da Apple, os AirPods. Conta Colon que estava a treinar no gin\u00e1sio quando deu por fumo a sair do AirPod presente no seu ouvido. Depois de os tirar, pousar em seguran\u00e7a e ter ido buscar ajuda, Colon conta que o AirPod em quest\u00e3o estava danificado com sinais de se ter incendiado. \u201cN\u00e3o sei o que aconteceria ao meu ouvido [se tivesse a usar os AirPods]. Mas, uma vez que ficam posicionados para baixo, tenho a certeza que o l\u00f3bulo da minha orelha orelha se teria queimado\u201d, afirmou Colon em conversa com o site WLFA. A Apple ainda n\u00e3o veio a p\u00fablico comentar o sucedido. &nbsp;"}