{"version":"1.0","provider_name":"TVM - Televis\u00e3o de Mo\u00e7ambique","provider_url":"https:\/\/www.tvm.co.mz\/novosite","author_name":"Edson Sengo","author_url":"https:\/\/www.tvm.co.mz\/novosite\/author\/esengo\/","title":"O Feed do Facebook poder\u00e1 tornar-se irreconhec\u00edvel - TVM - Televis\u00e3o de Mo\u00e7ambique","type":"rich","width":600,"height":338,"html":"<blockquote class=\"wp-embedded-content\" data-secret=\"WvVfAzxZDE\"><a href=\"https:\/\/www.tvm.co.mz\/novosite\/2018\/02\/03\/o-feed-do-facebook-podera-tornar-se-irreconhecivel\/\">O Feed do Facebook poder\u00e1 tornar-se irreconhec\u00edvel<\/a><\/blockquote><iframe sandbox=\"allow-scripts\" security=\"restricted\" src=\"https:\/\/www.tvm.co.mz\/novosite\/2018\/02\/03\/o-feed-do-facebook-podera-tornar-se-irreconhecivel\/embed\/#?secret=WvVfAzxZDE\" width=\"600\" height=\"338\" title=\"&#8220;O Feed do Facebook poder\u00e1 tornar-se irreconhec\u00edvel&#8221; &#8212; TVM - Televis\u00e3o de Mo\u00e7ambique\" data-secret=\"WvVfAzxZDE\" frameborder=\"0\" marginwidth=\"0\" marginheight=\"0\" scrolling=\"no\" class=\"wp-embedded-content\"><\/iframe><script>\n\/*! This file is auto-generated *\/\n!function(d,l){\"use strict\";l.querySelector&&d.addEventListener&&\"undefined\"!=typeof URL&&(d.wp=d.wp||{},d.wp.receiveEmbedMessage||(d.wp.receiveEmbedMessage=function(e){var t=e.data;if((t||t.secret||t.message||t.value)&&!\/[^a-zA-Z0-9]\/.test(t.secret)){for(var s,r,n,a=l.querySelectorAll('iframe[data-secret=\"'+t.secret+'\"]'),o=l.querySelectorAll('blockquote[data-secret=\"'+t.secret+'\"]'),c=new RegExp(\"^https?:$\",\"i\"),i=0;i<o.length;i++)o[i].style.display=\"none\";for(i=0;i<a.length;i++)s=a[i],e.source===s.contentWindow&&(s.removeAttribute(\"style\"),\"height\"===t.message?(1e3<(r=parseInt(t.value,10))?r=1e3:~~r<200&&(r=200),s.height=r):\"link\"===t.message&&(r=new URL(s.getAttribute(\"src\")),n=new URL(t.value),c.test(n.protocol))&&n.host===r.host&&l.activeElement===s&&(d.top.location.href=t.value))}},d.addEventListener(\"message\",d.wp.receiveEmbedMessage,!1),l.addEventListener(\"DOMContentLoaded\",function(){for(var e,t,s=l.querySelectorAll(\"iframe.wp-embedded-content\"),r=0;r<s.length;r++)(t=(e=s[r]).getAttribute(\"data-secret\"))||(t=Math.random().toString(36).substring(2,12),e.src+=\"#?secret=\"+t,e.setAttribute(\"data-secret\",t)),e.contentWindow.postMessage({message:\"ready\",secret:t},\"*\")},!1)))}(window,document);\n\/\/# sourceURL=https:\/\/www.tvm.co.mz\/novosite\/wp-includes\/js\/wp-embed.min.js\n<\/script>\n","thumbnail_url":"https:\/\/www.tvm.co.mz\/novosite\/wp-content\/uploads\/2018\/02\/naom_546a14fd20761.jpg","thumbnail_width":1920,"thumbnail_height":1080,"description":"A rede social poder\u00e1 vir a ser dominada por publica\u00e7\u00f5es semelhantes \u00e0s Stories. O&nbsp;Facebook poder\u00e1 vir a alterar o seu Feed de Publica\u00e7\u00f5es mudando substancialmente a forma como se publica na rede social. Isto de acordo com um coment\u00e1rio deixado pelo pr\u00f3prio CEO da empresa, MarK Zuckerberg. &nbsp;\u201cO crescimento das Stories \u00e9 outra importante mudan\u00e7a que estamos a ver na ind\u00fastria. Esperamos que as Stories venham a ultrapassar as publica\u00e7\u00f5es no Feed como a forma mais comum das pessoas partilharem atrav\u00e9s de todas as apps sociais. Isto porque as Stories s\u00e3o um melhor formato para partilhar m\u00faltiplos v\u00eddeos ao longo do dia\u201d, apontou Zuckerberg. &nbsp;Ainda que n\u00e3o tenham tido ades\u00e3o no Facebook, as Stories t\u00eam-se mostrado especialmente populares no Instagram. Existe portanto a possibilidade de o Facebook vir a dar a oportunidade de partilhar estas Stories no Feed de Publica\u00e7\u00f5es da sua rede social. \u00c9 de esperar que tenhamos novidades ainda este ano. &nbsp; &nbsp;"}