{"version":"1.0","provider_name":"TVM - Televis\u00e3o de Mo\u00e7ambique","provider_url":"https:\/\/www.tvm.co.mz\/novosite","author_name":"Edson Sengo","author_url":"https:\/\/www.tvm.co.mz\/novosite\/author\/esengo\/","title":"Ferrovi\u00e1rio de Maputo vai \u201cpagar caro\u201d por vandalismo - TVM - Televis\u00e3o de Mo\u00e7ambique","type":"rich","width":600,"height":338,"html":"<blockquote class=\"wp-embedded-content\" data-secret=\"qEB8ivDtBK\"><a href=\"https:\/\/www.tvm.co.mz\/novosite\/2017\/08\/17\/ferroviario-de-maputo-vai-pagar-caro-por-vandalismo\/\">Ferrovi\u00e1rio de Maputo vai \u201cpagar caro\u201d por vandalismo<\/a><\/blockquote><iframe sandbox=\"allow-scripts\" security=\"restricted\" src=\"https:\/\/www.tvm.co.mz\/novosite\/2017\/08\/17\/ferroviario-de-maputo-vai-pagar-caro-por-vandalismo\/embed\/#?secret=qEB8ivDtBK\" width=\"600\" height=\"338\" title=\"&#8220;Ferrovi\u00e1rio de Maputo vai \u201cpagar caro\u201d por vandalismo&#8221; &#8212; TVM - Televis\u00e3o de Mo\u00e7ambique\" data-secret=\"qEB8ivDtBK\" frameborder=\"0\" marginwidth=\"0\" marginheight=\"0\" scrolling=\"no\" class=\"wp-embedded-content\"><\/iframe><script>\n\/*! This file is auto-generated *\/\n!function(d,l){\"use strict\";l.querySelector&&d.addEventListener&&\"undefined\"!=typeof URL&&(d.wp=d.wp||{},d.wp.receiveEmbedMessage||(d.wp.receiveEmbedMessage=function(e){var t=e.data;if((t||t.secret||t.message||t.value)&&!\/[^a-zA-Z0-9]\/.test(t.secret)){for(var s,r,n,a=l.querySelectorAll('iframe[data-secret=\"'+t.secret+'\"]'),o=l.querySelectorAll('blockquote[data-secret=\"'+t.secret+'\"]'),c=new RegExp(\"^https?:$\",\"i\"),i=0;i<o.length;i++)o[i].style.display=\"none\";for(i=0;i<a.length;i++)s=a[i],e.source===s.contentWindow&&(s.removeAttribute(\"style\"),\"height\"===t.message?(1e3<(r=parseInt(t.value,10))?r=1e3:~~r<200&&(r=200),s.height=r):\"link\"===t.message&&(r=new URL(s.getAttribute(\"src\")),n=new URL(t.value),c.test(n.protocol))&&n.host===r.host&&l.activeElement===s&&(d.top.location.href=t.value))}},d.addEventListener(\"message\",d.wp.receiveEmbedMessage,!1),l.addEventListener(\"DOMContentLoaded\",function(){for(var e,t,s=l.querySelectorAll(\"iframe.wp-embedded-content\"),r=0;r<s.length;r++)(t=(e=s[r]).getAttribute(\"data-secret\"))||(t=Math.random().toString(36).substring(2,12),e.src+=\"#?secret=\"+t,e.setAttribute(\"data-secret\",t)),e.contentWindow.postMessage({message:\"ready\",secret:t},\"*\")},!1)))}(window,document);\n\/\/# sourceURL=https:\/\/www.tvm.co.mz\/novosite\/wp-includes\/js\/wp-embed.min.js\n<\/script>\n","thumbnail_url":"https:\/\/www.tvm.co.mz\/novosite\/wp-content\/uploads\/2017\/08\/vadfrv.jpg","thumbnail_width":715,"thumbnail_height":538,"description":"Liga Mo\u00e7ambicana de Futebol vai responsabilizar os principais autores dos actos de vandalismo protagonizados por alguns adeptos do Ferrovi\u00e1rio de Maputo. Os apoiantes dos locomotivas da capital danificaram parte da protec\u00e7\u00e3o do campo dos Mu\u00e7ulmanos, no jogo da vig\u00e9sima terceira jornada do Mo\u00e7ambola, desafio entre a sua equipa e a Liga Desportiva de Maputo. &nbsp; [iframe width=&#8221;808&#8243; height=&#8221;395&#8243; src=&#8221;https:\/\/www.youtube.com\/embed\/o7btx_sH8lM&#8221; frameborder=&#8221;0&#8243; allowfullscreen ]"}