{"version":"1.0","provider_name":"TVM - Televis\u00e3o de Mo\u00e7ambique","provider_url":"https:\/\/www.tvm.co.mz\/novosite","author_name":"Leopoldino Bambo","author_url":"https:\/\/www.tvm.co.mz\/novosite\/author\/lbambo\/","title":"Arranca campanha para elei\u00e7\u00e3o na OCAM - TVM - Televis\u00e3o de Mo\u00e7ambique","type":"rich","width":600,"height":338,"html":"<blockquote class=\"wp-embedded-content\" data-secret=\"gHQECv9H9T\"><a href=\"https:\/\/www.tvm.co.mz\/novosite\/2017\/08\/15\/arranca-campanha-para-eleicao-na-ocam\/\">Arranca campanha para elei\u00e7\u00e3o na OCAM<\/a><\/blockquote><iframe sandbox=\"allow-scripts\" security=\"restricted\" src=\"https:\/\/www.tvm.co.mz\/novosite\/2017\/08\/15\/arranca-campanha-para-eleicao-na-ocam\/embed\/#?secret=gHQECv9H9T\" width=\"600\" height=\"338\" title=\"&#8220;Arranca campanha para elei\u00e7\u00e3o na OCAM&#8221; &#8212; TVM - Televis\u00e3o de Mo\u00e7ambique\" data-secret=\"gHQECv9H9T\" frameborder=\"0\" marginwidth=\"0\" marginheight=\"0\" scrolling=\"no\" class=\"wp-embedded-content\"><\/iframe><script>\n\/*! This file is auto-generated *\/\n!function(d,l){\"use strict\";l.querySelector&&d.addEventListener&&\"undefined\"!=typeof URL&&(d.wp=d.wp||{},d.wp.receiveEmbedMessage||(d.wp.receiveEmbedMessage=function(e){var t=e.data;if((t||t.secret||t.message||t.value)&&!\/[^a-zA-Z0-9]\/.test(t.secret)){for(var s,r,n,a=l.querySelectorAll('iframe[data-secret=\"'+t.secret+'\"]'),o=l.querySelectorAll('blockquote[data-secret=\"'+t.secret+'\"]'),c=new RegExp(\"^https?:$\",\"i\"),i=0;i<o.length;i++)o[i].style.display=\"none\";for(i=0;i<a.length;i++)s=a[i],e.source===s.contentWindow&&(s.removeAttribute(\"style\"),\"height\"===t.message?(1e3<(r=parseInt(t.value,10))?r=1e3:~~r<200&&(r=200),s.height=r):\"link\"===t.message&&(r=new URL(s.getAttribute(\"src\")),n=new URL(t.value),c.test(n.protocol))&&n.host===r.host&&l.activeElement===s&&(d.top.location.href=t.value))}},d.addEventListener(\"message\",d.wp.receiveEmbedMessage,!1),l.addEventListener(\"DOMContentLoaded\",function(){for(var e,t,s=l.querySelectorAll(\"iframe.wp-embedded-content\"),r=0;r<s.length;r++)(t=(e=s[r]).getAttribute(\"data-secret\"))||(t=Math.random().toString(36).substring(2,12),e.src+=\"#?secret=\"+t,e.setAttribute(\"data-secret\",t)),e.contentWindow.postMessage({message:\"ready\",secret:t},\"*\")},!1)))}(window,document);\n\/\/# sourceURL=https:\/\/www.tvm.co.mz\/novosite\/wp-includes\/js\/wp-embed.min.js\n<\/script>\n","thumbnail_url":"https:\/\/www.tvm.co.mz\/novosite\/wp-content\/uploads\/2017\/08\/ae5hy4whqw5hw454.jpg","thumbnail_width":917,"thumbnail_height":571,"description":"J\u00e1 arrancou a campanha para a elei\u00e7\u00e3o do Baston\u00e1rio da Ordem dos Contabilistas e Auditores de Mo\u00e7ambique, OCAM, marcada para dia 26 de Agosto corrente.A prov\u00edncia de Gaza foi escolhida como palco do lan\u00e7amento da campanha do actual baston\u00e1rio da OCAM, M\u00e1rio Sitoe, que concorre para a sua sucess\u00e3o. [iframe width=&#8221;880&#8243; height=&#8221;395&#8243; src=&#8221;https:\/\/www.youtube.com\/embed\/ItGDefm6xgM&#8221; frameborder=&#8221;0&#8243; allowfullscreen ]"}