{"version":"1.0","provider_name":"TVM - Televis\u00e3o de Mo\u00e7ambique","provider_url":"https:\/\/www.tvm.co.mz\/novosite","author_name":"Leopoldino Bambo","author_url":"https:\/\/www.tvm.co.mz\/novosite\/author\/lbambo\/","title":"No \u201cAdeus\u201d a Pinto de Abreu - TVM - Televis\u00e3o de Mo\u00e7ambique","type":"rich","width":600,"height":338,"html":"<blockquote class=\"wp-embedded-content\" data-secret=\"eZKVhAq0O1\"><a href=\"https:\/\/www.tvm.co.mz\/novosite\/2017\/08\/05\/no-adeus-a-pinto-de-abreu\/\">No \u201cAdeus\u201d a Pinto de Abreu<\/a><\/blockquote><iframe sandbox=\"allow-scripts\" security=\"restricted\" src=\"https:\/\/www.tvm.co.mz\/novosite\/2017\/08\/05\/no-adeus-a-pinto-de-abreu\/embed\/#?secret=eZKVhAq0O1\" width=\"600\" height=\"338\" title=\"&#8220;No \u201cAdeus\u201d a Pinto de Abreu&#8221; &#8212; TVM - Televis\u00e3o de Mo\u00e7ambique\" data-secret=\"eZKVhAq0O1\" frameborder=\"0\" marginwidth=\"0\" marginheight=\"0\" scrolling=\"no\" class=\"wp-embedded-content\"><\/iframe><script>\n\/*! This file is auto-generated *\/\n!function(d,l){\"use strict\";l.querySelector&&d.addEventListener&&\"undefined\"!=typeof URL&&(d.wp=d.wp||{},d.wp.receiveEmbedMessage||(d.wp.receiveEmbedMessage=function(e){var t=e.data;if((t||t.secret||t.message||t.value)&&!\/[^a-zA-Z0-9]\/.test(t.secret)){for(var s,r,n,a=l.querySelectorAll('iframe[data-secret=\"'+t.secret+'\"]'),o=l.querySelectorAll('blockquote[data-secret=\"'+t.secret+'\"]'),c=new RegExp(\"^https?:$\",\"i\"),i=0;i<o.length;i++)o[i].style.display=\"none\";for(i=0;i<a.length;i++)s=a[i],e.source===s.contentWindow&&(s.removeAttribute(\"style\"),\"height\"===t.message?(1e3<(r=parseInt(t.value,10))?r=1e3:~~r<200&&(r=200),s.height=r):\"link\"===t.message&&(r=new URL(s.getAttribute(\"src\")),n=new URL(t.value),c.test(n.protocol))&&n.host===r.host&&l.activeElement===s&&(d.top.location.href=t.value))}},d.addEventListener(\"message\",d.wp.receiveEmbedMessage,!1),l.addEventListener(\"DOMContentLoaded\",function(){for(var e,t,s=l.querySelectorAll(\"iframe.wp-embedded-content\"),r=0;r<s.length;r++)(t=(e=s[r]).getAttribute(\"data-secret\"))||(t=Math.random().toString(36).substring(2,12),e.src+=\"#?secret=\"+t,e.setAttribute(\"data-secret\",t)),e.contentWindow.postMessage({message:\"ready\",secret:t},\"*\")},!1)))}(window,document);\n\/\/# sourceURL=https:\/\/www.tvm.co.mz\/novosite\/wp-includes\/js\/wp-embed.min.js\n<\/script>\n","thumbnail_url":"https:\/\/www.tvm.co.mz\/novosite\/wp-content\/uploads\/2017\/08\/4ewu6w4q5qyw5y3qwyw4.jpg","thumbnail_width":1039,"thumbnail_height":613,"description":"Familiares, antigos colegas e amigos enaltecem as qualidades e ensinamentos de Ant\u00f3nio Pinto de Abreu falecido a 2 de Agosto, em Maputo.Velados no centro cultural universit\u00e1rio, os restos mortais do antigo PCA da LAM foram a enterrar este S\u00e1bado no cemit\u00e9rio de Lhanguene. Na sua mensagem, a LAM, empresa onde Pinto de Abreu foi PCA at\u00e9 aos \u00faltimos dias, enalteceu qualidades de um gestor. Pinto de Abreu sempre pugnou pela mod\u00e9stia, apregoava e defendia consenso nas decis\u00f5es que tomava.Mas antes de ser PCA da LAM, pinto de Abreu foi quadro do Banco de Mo\u00e7ambique, onde entrou como escritur\u00e1rio para mais tarde passar a vice-governador do Banco de Mo\u00e7ambique. Em, em vida Pinto e Abreu era um homem de v\u00e1rios of\u00edcios. Foi fundador da Associa\u00e7\u00e3o dos Escritores de Mo\u00e7ambique, tendo contribu\u00eddo com varias obras liter\u00e1rias.Nesta cerim\u00f3nia, os antigos estudantes de curso de licenciatura da UEM, tamb\u00e9m renderam-lhe a ultima homenagem.Para os amigos mais achegados, Ant\u00f3nio Pinto de Abreu pregou-lhes uma partida com a sua morte precoce, sendo agora todas palavras muito poucas para lamentar a sua morte.Falecido a 2 de Agosto, com 55 anos, Ant\u00f3nio Pinto de Abreu, foi a enterrar este s\u00e1bado no cemit\u00e9rio de Lhanguene, em Maputo. O finado deixa vi\u00fava e dois filhos."}