{"version":"1.0","provider_name":"TVM - Televis\u00e3o de Mo\u00e7ambique","provider_url":"https:\/\/www.tvm.co.mz\/novosite","author_name":"Leopoldino Bambo","author_url":"https:\/\/www.tvm.co.mz\/novosite\/author\/lbambo\/","title":"Porco-espinho passeia na cidade? - TVM - Televis\u00e3o de Mo\u00e7ambique","type":"rich","width":600,"height":338,"html":"<blockquote class=\"wp-embedded-content\" data-secret=\"7Muvj4VAqZ\"><a href=\"https:\/\/www.tvm.co.mz\/novosite\/2017\/07\/14\/porco-espinho-passeia-na-cidade\/\">Porco-espinho passeia na cidade?<\/a><\/blockquote><iframe sandbox=\"allow-scripts\" security=\"restricted\" src=\"https:\/\/www.tvm.co.mz\/novosite\/2017\/07\/14\/porco-espinho-passeia-na-cidade\/embed\/#?secret=7Muvj4VAqZ\" width=\"600\" height=\"338\" title=\"&#8220;Porco-espinho passeia na cidade?&#8221; &#8212; TVM - Televis\u00e3o de Mo\u00e7ambique\" data-secret=\"7Muvj4VAqZ\" frameborder=\"0\" marginwidth=\"0\" marginheight=\"0\" scrolling=\"no\" class=\"wp-embedded-content\"><\/iframe><script>\n\/*! This file is auto-generated *\/\n!function(d,l){\"use strict\";l.querySelector&&d.addEventListener&&\"undefined\"!=typeof URL&&(d.wp=d.wp||{},d.wp.receiveEmbedMessage||(d.wp.receiveEmbedMessage=function(e){var t=e.data;if((t||t.secret||t.message||t.value)&&!\/[^a-zA-Z0-9]\/.test(t.secret)){for(var s,r,n,a=l.querySelectorAll('iframe[data-secret=\"'+t.secret+'\"]'),o=l.querySelectorAll('blockquote[data-secret=\"'+t.secret+'\"]'),c=new RegExp(\"^https?:$\",\"i\"),i=0;i<o.length;i++)o[i].style.display=\"none\";for(i=0;i<a.length;i++)s=a[i],e.source===s.contentWindow&&(s.removeAttribute(\"style\"),\"height\"===t.message?(1e3<(r=parseInt(t.value,10))?r=1e3:~~r<200&&(r=200),s.height=r):\"link\"===t.message&&(r=new URL(s.getAttribute(\"src\")),n=new URL(t.value),c.test(n.protocol))&&n.host===r.host&&l.activeElement===s&&(d.top.location.href=t.value))}},d.addEventListener(\"message\",d.wp.receiveEmbedMessage,!1),l.addEventListener(\"DOMContentLoaded\",function(){for(var e,t,s=l.querySelectorAll(\"iframe.wp-embedded-content\"),r=0;r<s.length;r++)(t=(e=s[r]).getAttribute(\"data-secret\"))||(t=Math.random().toString(36).substring(2,12),e.src+=\"#?secret=\"+t,e.setAttribute(\"data-secret\",t)),e.contentWindow.postMessage({message:\"ready\",secret:t},\"*\")},!1)))}(window,document);\n\/\/# sourceURL=https:\/\/www.tvm.co.mz\/novosite\/wp-includes\/js\/wp-embed.min.js\n<\/script>\n","thumbnail_url":"https:\/\/www.tvm.co.mz\/novosite\/wp-content\/uploads\/2017\/07\/porco_espinho_na_cidade.jpg","thumbnail_width":1005,"thumbnail_height":587,"description":"\u00c9 considerado um animal raro na fauna mo\u00e7ambicana. Quando se sente amea\u00e7ado solta espinhos venenosos que constituem o instinto de defesa.Seu nome cient\u00edfico \u00e9 Hystrix cristata, ou simplesmente Porco-espinho. Apareceu na manh\u00e3 de quinta-feira, num quintal de uma resid\u00eancia no bairro da Munhuana, na cidade de Maputo.A not\u00edcia da presen\u00e7a no local despertou a aten\u00e7\u00e3o e a curiosidade de todos. E todos tinham uma opini\u00e3o sobre o destino a dar, e muitos queriam que fosse queimado porque supostamente prenunciava maldi\u00e7\u00f5es ou estava a servi\u00e7o de ac\u00e7\u00f5es de feiti\u00e7aria.A equipa da reportagem da TVM encaminhou o animal a faculdade de veterin\u00e1ria da Universidade Eduardo Mondlane e depois ao Jardim Zool\u00f3gico, onde um m\u00e9dico veterin\u00e1rio tomou conta do pequeno animal.Bila estima que o Espinho tenha entre 6 a 7 meses e acredita que tenha sido transportado na bagagem de um cami\u00e3o de carv\u00e3o ou lenha j\u00e1 que n\u00e3o \u00e9 comum aparecer em cidades. Por ser novo, ainda n\u00e3o tem as defesas apuradas mas com o crescimento vai lan\u00e7ar espinhos e provocar danos.Os espinhos s\u00e3o pelos duros com cerca de 7,5 cent\u00edmetros, que funcionam como uma armadura para proteger o animal.O Porco-espinho faz parte da fam\u00edlia dos roedores.\u00c9 um animal solit\u00e1rio, sai \u00e0 noite ou na hora do crep\u00fasculo em busca de alimento. De dia descansa no alto das copas das \u00e1rvores ou abriga-se em troncos ocos. Tem movimentos lentos, mas est\u00e1 bem adaptado para a vida nas \u00e1rvores, usando a cauda para prender-se aos galhos e mover-se entre as \u00e1rvores. [iframe width=&#8221;880&#8243; height=&#8221;395&#8243; src=&#8221;https:\/\/www.youtube.com\/embed\/M6x8edPIj_8&#8243; frameborder=&#8221;0&#8243; allowfullscreen ]"}