{"version":"1.0","provider_name":"TVM - Televis\u00e3o de Mo\u00e7ambique","provider_url":"https:\/\/www.tvm.co.mz\/novosite","author_name":"Leopoldino Bambo","author_url":"https:\/\/www.tvm.co.mz\/novosite\/author\/lbambo\/","title":"Inc\u00eandio em Tete faz dois mortos - TVM - Televis\u00e3o de Mo\u00e7ambique","type":"rich","width":600,"height":338,"html":"<blockquote class=\"wp-embedded-content\" data-secret=\"vnTYENJPTy\"><a href=\"https:\/\/www.tvm.co.mz\/novosite\/2017\/05\/12\/incendio-em-tete-faz-dois-mortos\/\">Inc\u00eandio em Tete faz dois mortos<\/a><\/blockquote><iframe sandbox=\"allow-scripts\" security=\"restricted\" src=\"https:\/\/www.tvm.co.mz\/novosite\/2017\/05\/12\/incendio-em-tete-faz-dois-mortos\/embed\/#?secret=vnTYENJPTy\" width=\"600\" height=\"338\" title=\"&#8220;Inc\u00eandio em Tete faz dois mortos&#8221; &#8212; TVM - Televis\u00e3o de Mo\u00e7ambique\" data-secret=\"vnTYENJPTy\" frameborder=\"0\" marginwidth=\"0\" marginheight=\"0\" scrolling=\"no\" class=\"wp-embedded-content\"><\/iframe><script>\n\/*! This file is auto-generated *\/\n!function(d,l){\"use strict\";l.querySelector&&d.addEventListener&&\"undefined\"!=typeof URL&&(d.wp=d.wp||{},d.wp.receiveEmbedMessage||(d.wp.receiveEmbedMessage=function(e){var t=e.data;if((t||t.secret||t.message||t.value)&&!\/[^a-zA-Z0-9]\/.test(t.secret)){for(var s,r,n,a=l.querySelectorAll('iframe[data-secret=\"'+t.secret+'\"]'),o=l.querySelectorAll('blockquote[data-secret=\"'+t.secret+'\"]'),c=new RegExp(\"^https?:$\",\"i\"),i=0;i<o.length;i++)o[i].style.display=\"none\";for(i=0;i<a.length;i++)s=a[i],e.source===s.contentWindow&&(s.removeAttribute(\"style\"),\"height\"===t.message?(1e3<(r=parseInt(t.value,10))?r=1e3:~~r<200&&(r=200),s.height=r):\"link\"===t.message&&(r=new URL(s.getAttribute(\"src\")),n=new URL(t.value),c.test(n.protocol))&&n.host===r.host&&l.activeElement===s&&(d.top.location.href=t.value))}},d.addEventListener(\"message\",d.wp.receiveEmbedMessage,!1),l.addEventListener(\"DOMContentLoaded\",function(){for(var e,t,s=l.querySelectorAll(\"iframe.wp-embedded-content\"),r=0;r<s.length;r++)(t=(e=s[r]).getAttribute(\"data-secret\"))||(t=Math.random().toString(36).substring(2,12),e.src+=\"#?secret=\"+t,e.setAttribute(\"data-secret\",t)),e.contentWindow.postMessage({message:\"ready\",secret:t},\"*\")},!1)))}(window,document);\n\/\/# sourceURL=https:\/\/www.tvm.co.mz\/novosite\/wp-includes\/js\/wp-embed.min.js\n<\/script>\n","thumbnail_url":"https:\/\/www.tvm.co.mz\/novosite\/wp-content\/uploads\/2017\/05\/incendiotete.gif","thumbnail_width":420,"thumbnail_height":280,"description":"DOIS cidad\u00e3os de nacionalidade chinesa morreram na madrugada de ontem na cidade de Tete e outros dois contra\u00edram ferimentos graves na sequ\u00eancia de um inc\u00eandio que deflagrou num estabelecimento comercial de venda de electrodom\u00e9sticos, pr\u00f3ximo do mercado municipal da cidade de Tete. Segundo dados do Servi\u00e7o Nacional de Salva\u00e7\u00e3o P\u00fablica, em Tete, o fogo foi detectado cerca das 23.30 horas no interior do estabelecimento que, para al\u00e9m de armaz\u00e9m, servia de resid\u00eancia dos quatro cidad\u00e3os indiv\u00edduos. Os feridos encontram-se internados e a receber cuidados intensivos no Hospital Provincial de Tete. O inc\u00eandio, que ter\u00e1 sido provocado por um curto circuito na instala\u00e7\u00e3o el\u00e9ctrica, destruiu a loja, armaz\u00e9ns, o compartimento que servia de resid\u00eancia e toda a mercadoria, entre bicicletas, colch\u00f5es diversos, aparelhagem \u00e1udio e televisores de diversas polegadas. O fogo s\u00f3 viria a ser extinto por volta das 10.30 horas da manh\u00e3 de ontem. Os preju\u00edzos ainda est\u00e3o por avaliar. H\u00e1 dois anos que a cidade de Tete tem vindo a registar frequentes casos de inc\u00eandio que culminam com danos humanos e materiais. Por esta raz\u00e3o, o Comando Provincial da Pol\u00edcia da Rep\u00fablica de Mo\u00e7ambique aumentou de duas para quatro o n\u00famero de viaturas para interven\u00e7\u00e3o nos munic\u00edpios da cidade de Tete e da Vila de Moatize."}