{"version":"1.0","provider_name":"TVM - Televis\u00e3o de Mo\u00e7ambique","provider_url":"https:\/\/www.tvm.co.mz\/novosite","author_name":"Leopoldino Bambo","author_url":"https:\/\/www.tvm.co.mz\/novosite\/author\/lbambo\/","title":"Tete encaminha 209 recrutas - TVM - Televis\u00e3o de Mo\u00e7ambique","type":"rich","width":600,"height":338,"html":"<blockquote class=\"wp-embedded-content\" data-secret=\"pwirSOpv2f\"><a href=\"https:\/\/www.tvm.co.mz\/novosite\/2017\/04\/26\/tete-encaminha-209-recrutas\/\">Tete encaminha 209 recrutas<\/a><\/blockquote><iframe sandbox=\"allow-scripts\" security=\"restricted\" src=\"https:\/\/www.tvm.co.mz\/novosite\/2017\/04\/26\/tete-encaminha-209-recrutas\/embed\/#?secret=pwirSOpv2f\" width=\"600\" height=\"338\" title=\"&#8220;Tete encaminha 209 recrutas&#8221; &#8212; TVM - Televis\u00e3o de Mo\u00e7ambique\" data-secret=\"pwirSOpv2f\" frameborder=\"0\" marginwidth=\"0\" marginheight=\"0\" scrolling=\"no\" class=\"wp-embedded-content\"><\/iframe><script>\n\/*! This file is auto-generated *\/\n!function(d,l){\"use strict\";l.querySelector&&d.addEventListener&&\"undefined\"!=typeof URL&&(d.wp=d.wp||{},d.wp.receiveEmbedMessage||(d.wp.receiveEmbedMessage=function(e){var t=e.data;if((t||t.secret||t.message||t.value)&&!\/[^a-zA-Z0-9]\/.test(t.secret)){for(var s,r,n,a=l.querySelectorAll('iframe[data-secret=\"'+t.secret+'\"]'),o=l.querySelectorAll('blockquote[data-secret=\"'+t.secret+'\"]'),c=new RegExp(\"^https?:$\",\"i\"),i=0;i<o.length;i++)o[i].style.display=\"none\";for(i=0;i<a.length;i++)s=a[i],e.source===s.contentWindow&&(s.removeAttribute(\"style\"),\"height\"===t.message?(1e3<(r=parseInt(t.value,10))?r=1e3:~~r<200&&(r=200),s.height=r):\"link\"===t.message&&(r=new URL(s.getAttribute(\"src\")),n=new URL(t.value),c.test(n.protocol))&&n.host===r.host&&l.activeElement===s&&(d.top.location.href=t.value))}},d.addEventListener(\"message\",d.wp.receiveEmbedMessage,!1),l.addEventListener(\"DOMContentLoaded\",function(){for(var e,t,s=l.querySelectorAll(\"iframe.wp-embedded-content\"),r=0;r<s.length;r++)(t=(e=s[r]).getAttribute(\"data-secret\"))||(t=Math.random().toString(36).substring(2,12),e.src+=\"#?secret=\"+t,e.setAttribute(\"data-secret\",t)),e.contentWindow.postMessage({message:\"ready\",secret:t},\"*\")},!1)))}(window,document);\n\/\/# sourceURL=https:\/\/www.tvm.co.mz\/novosite\/wp-includes\/js\/wp-embed.min.js\n<\/script>\n","thumbnail_url":"https:\/\/www.tvm.co.mz\/novosite\/wp-content\/uploads\/2017\/04\/militaresuygt.gif","thumbnail_width":450,"thumbnail_height":251,"description":"O PRIMEIRO turno de incorpora\u00e7\u00e3o para o Servi\u00e7o Militar em Tete, constitu\u00eddo por 209 recrutas, seguiu j\u00e1 aos centros de instru\u00e7\u00e3o militar nas prov\u00edncias de Maputo e Cabo Delegado, segundo fez saber o delegado do Centro Provincial de Recrutamento e Mobiliza\u00e7\u00e3o. O grupo, que recebeu cumprimentos de despedida do governador da prov\u00edncia, Paulo Auade, foi orientado a, durante os treinos militares, pautar pela disciplina e comportamento digno para melhor servir a nobre miss\u00e3o de garantir a defesa e seguran\u00e7a da p\u00e1tria mo\u00e7ambicana.\u00abExortamos-vos, por outro lado, para que se engajem aos programas de combate \u00e0s doen\u00e7as end\u00e9micas, como mal\u00e1ria, c\u00f3lera, HIV\/Sida, entre outras, participando activamente em actividades de limpeza e higiene individual e colectiva\u00bb, disse Paulo Auade.O governante lembrou aos jovens que o Governo declarou que todo o cidad\u00e3o, dos 18 aos 35 anos de idade, tem o dever de cumprir o Servi\u00e7o Militar como um contributo prestado no \u00e2mbito de defesa da p\u00e1tria, garantido, deste modo, a salvaguarda da independ\u00eancia nacional e da soberania e integridade territorial.O delegado do Centro Provincial de Recrutamento e Mobiliza\u00e7\u00e3o em Tete, Amisse Murivai, afirmou que a opera\u00e7\u00e3o do recenseamento militar, que decorreu durante os meses de Janeiro a Fevereiro, em todo o territ\u00f3rio nacional, ao n\u00edvel desta parcela do pa\u00eds, decorreu da melhor maneira poss\u00edvel, tendo a meta atribu\u00edda, de 16.200 mancebos de ambos os sexos, sido ultrapassada para 20.800 jovens.&#8220;Estamos orgulhosos, pois esta cifra \u00e9 a primeira que a prov\u00edncia regista, desde a institui\u00e7\u00e3o do Servi\u00e7o Militar no pa\u00eds&#8221;, anotou Murivai.Os dados em refer\u00eancia revelam, por si s\u00f3, segundo a fonte, que os jovens da prov\u00edncia de Tete possuem um elevado sentido de responsabilidade, aliado ao empenho das autoridades governamentais locais, comunit\u00e1rias e da sociedade no geral na mobiliza\u00e7\u00e3o e sensibiliza\u00e7\u00e3o para ader\u00eancia \u00e0 nobre miss\u00e3o de defesa da p\u00e1tria.Referiu que as For\u00e7as Armadas de Defesa de Mo\u00e7ambique prestam um contributo para o desenvolvimento s\u00f3cio-econ\u00f3mico do pa\u00eds e que o Minist\u00e9rio da Defesa Nacional instituiu os servi\u00e7os c\u00edvicos que visam o aproveitamento integral dos jovens recrutados em outras actividades que geram o auto-emprego e empreendedorismo nas comunidades. Fonte:&nbsp;Jornal Noticias Link:&nbsp;http:\/\/www.jornalnoticias.co.mz\/index.php\/politica\/66934-tete-encaminha-209-recrutas.html"}