{"version":"1.0","provider_name":"TVM - Televis\u00e3o de Mo\u00e7ambique","provider_url":"https:\/\/www.tvm.co.mz\/novosite","author_name":"Leopoldino Bambo","author_url":"https:\/\/www.tvm.co.mz\/novosite\/author\/lbambo\/","title":"Pastor acusado de tr\u00e1fico de pessoas na Maxixe - TVM - Televis\u00e3o de Mo\u00e7ambique","type":"rich","width":600,"height":338,"html":"<blockquote class=\"wp-embedded-content\" data-secret=\"nhoc59lGIG\"><a href=\"https:\/\/www.tvm.co.mz\/novosite\/2017\/03\/31\/pastor-acusado-de-trafico-de-pessoas-na-maxixe\/\">Pastor acusado de tr\u00e1fico de pessoas na Maxixe<\/a><\/blockquote><iframe sandbox=\"allow-scripts\" security=\"restricted\" src=\"https:\/\/www.tvm.co.mz\/novosite\/2017\/03\/31\/pastor-acusado-de-trafico-de-pessoas-na-maxixe\/embed\/#?secret=nhoc59lGIG\" width=\"600\" height=\"338\" title=\"&#8220;Pastor acusado de tr\u00e1fico de pessoas na Maxixe&#8221; &#8212; TVM - Televis\u00e3o de Mo\u00e7ambique\" data-secret=\"nhoc59lGIG\" frameborder=\"0\" marginwidth=\"0\" marginheight=\"0\" scrolling=\"no\" class=\"wp-embedded-content\"><\/iframe><script>\n\/*! This file is auto-generated *\/\n!function(d,l){\"use strict\";l.querySelector&&d.addEventListener&&\"undefined\"!=typeof URL&&(d.wp=d.wp||{},d.wp.receiveEmbedMessage||(d.wp.receiveEmbedMessage=function(e){var t=e.data;if((t||t.secret||t.message||t.value)&&!\/[^a-zA-Z0-9]\/.test(t.secret)){for(var s,r,n,a=l.querySelectorAll('iframe[data-secret=\"'+t.secret+'\"]'),o=l.querySelectorAll('blockquote[data-secret=\"'+t.secret+'\"]'),c=new RegExp(\"^https?:$\",\"i\"),i=0;i<o.length;i++)o[i].style.display=\"none\";for(i=0;i<a.length;i++)s=a[i],e.source===s.contentWindow&&(s.removeAttribute(\"style\"),\"height\"===t.message?(1e3<(r=parseInt(t.value,10))?r=1e3:~~r<200&&(r=200),s.height=r):\"link\"===t.message&&(r=new URL(s.getAttribute(\"src\")),n=new URL(t.value),c.test(n.protocol))&&n.host===r.host&&l.activeElement===s&&(d.top.location.href=t.value))}},d.addEventListener(\"message\",d.wp.receiveEmbedMessage,!1),l.addEventListener(\"DOMContentLoaded\",function(){for(var e,t,s=l.querySelectorAll(\"iframe.wp-embedded-content\"),r=0;r<s.length;r++)(t=(e=s[r]).getAttribute(\"data-secret\"))||(t=Math.random().toString(36).substring(2,12),e.src+=\"#?secret=\"+t,e.setAttribute(\"data-secret\",t)),e.contentWindow.postMessage({message:\"ready\",secret:t},\"*\")},!1)))}(window,document);\n\/\/# sourceURL=https:\/\/www.tvm.co.mz\/novosite\/wp-includes\/js\/wp-embed.min.js\n<\/script>\n","thumbnail_url":"https:\/\/www.tvm.co.mz\/novosite\/wp-content\/uploads\/2017\/03\/17102014crimefotomarcossantos073.jpg","thumbnail_width":1070,"thumbnail_height":634,"description":"UM pastor da Igreja Universal do Reino de Deus, sediada no distrito da Maxixe, em Inhambane, cuja identidade ainda n\u00e3o foi apurada, est\u00e1 detido, acusado de tentativa de tr\u00e1fico de seres humanos no distrito de Massinga. As v\u00edtimas eram pessoas portadoras de albinismo, um an\u00e3o, uma mulher de olhos azuis e outra de cabelos compridos. Em conex\u00e3o com o caso est\u00e3o igualmente detidos uma obreira da igreja e dois crentes, estes \u00faltimos mandatados para executar o crime. A Pol\u00edcia de Rep\u00fablica de Mo\u00e7ambique disse que a deten\u00e7\u00e3o dos arguidos foi poss\u00edvel gra\u00e7as \u00e0 den\u00fancia popular. (RM) Fonte:&nbsp;Jornal Noticias Link: http:\/\/www.jornalnoticias.co.mz\/index.php\/sociedade\/66149-pastor-acusado-de-trafico-de-pessoas-na-maxixe.html"}