{"version":"1.0","provider_name":"TVM - Televis\u00e3o de Mo\u00e7ambique","provider_url":"https:\/\/www.tvm.co.mz\/novosite","author_name":"Edson Sengo","author_url":"https:\/\/www.tvm.co.mz\/novosite\/author\/esengo\/","title":"Ahmad Ahmad \u00e9 o novo presidente da CAF - TVM - Televis\u00e3o de Mo\u00e7ambique","type":"rich","width":600,"height":338,"html":"<blockquote class=\"wp-embedded-content\" data-secret=\"cZDIZg0nDh\"><a href=\"https:\/\/www.tvm.co.mz\/novosite\/2017\/03\/17\/ahmad-ahmad-e-o-novo-presidente-da-caf\/\">Ahmad Ahmad \u00e9 o novo presidente da CAF<\/a><\/blockquote><iframe sandbox=\"allow-scripts\" security=\"restricted\" src=\"https:\/\/www.tvm.co.mz\/novosite\/2017\/03\/17\/ahmad-ahmad-e-o-novo-presidente-da-caf\/embed\/#?secret=cZDIZg0nDh\" width=\"600\" height=\"338\" title=\"&#8220;Ahmad Ahmad \u00e9 o novo presidente da CAF&#8221; &#8212; TVM - Televis\u00e3o de Mo\u00e7ambique\" data-secret=\"cZDIZg0nDh\" frameborder=\"0\" marginwidth=\"0\" marginheight=\"0\" scrolling=\"no\" class=\"wp-embedded-content\"><\/iframe><script>\n\/*! This file is auto-generated *\/\n!function(d,l){\"use strict\";l.querySelector&&d.addEventListener&&\"undefined\"!=typeof URL&&(d.wp=d.wp||{},d.wp.receiveEmbedMessage||(d.wp.receiveEmbedMessage=function(e){var t=e.data;if((t||t.secret||t.message||t.value)&&!\/[^a-zA-Z0-9]\/.test(t.secret)){for(var s,r,n,a=l.querySelectorAll('iframe[data-secret=\"'+t.secret+'\"]'),o=l.querySelectorAll('blockquote[data-secret=\"'+t.secret+'\"]'),c=new RegExp(\"^https?:$\",\"i\"),i=0;i<o.length;i++)o[i].style.display=\"none\";for(i=0;i<a.length;i++)s=a[i],e.source===s.contentWindow&&(s.removeAttribute(\"style\"),\"height\"===t.message?(1e3<(r=parseInt(t.value,10))?r=1e3:~~r<200&&(r=200),s.height=r):\"link\"===t.message&&(r=new URL(s.getAttribute(\"src\")),n=new URL(t.value),c.test(n.protocol))&&n.host===r.host&&l.activeElement===s&&(d.top.location.href=t.value))}},d.addEventListener(\"message\",d.wp.receiveEmbedMessage,!1),l.addEventListener(\"DOMContentLoaded\",function(){for(var e,t,s=l.querySelectorAll(\"iframe.wp-embedded-content\"),r=0;r<s.length;r++)(t=(e=s[r]).getAttribute(\"data-secret\"))||(t=Math.random().toString(36).substring(2,12),e.src+=\"#?secret=\"+t,e.setAttribute(\"data-secret\",t)),e.contentWindow.postMessage({message:\"ready\",secret:t},\"*\")},!1)))}(window,document);\n\/\/# sourceURL=https:\/\/www.tvm.co.mz\/novosite\/wp-includes\/js\/wp-embed.min.js\n<\/script>\n","thumbnail_url":"https:\/\/www.tvm.co.mz\/novosite\/wp-content\/uploads\/2017\/03\/69d06709e17f4ac8c1ad84642d5eb2e0fc88d7ca-740x431.jpg","thumbnail_width":740,"thumbnail_height":431,"description":"O novo homem forte do futebol africano \u00e9 Ahmad Ahmad, do Madag\u00e1scar. O presidente da Federa\u00e7\u00e3o malgaxe de Futebol venceu as elei\u00e7\u00f5es desta 5\u00aa feira, com 34 votos, contra 20 do camaron\u00eas, Issa Hayatou. Hayatou dirigiu os destinos da Confedera\u00e7\u00e3o Africana de Futebol, CAF durante 29 anos e pretendia concorrer a sua sucess\u00e3o.&nbsp; [iframe width=&#8221;808&#8243; height=&#8221;395&#8243; src=&#8221;https:\/\/www.youtube.com\/embed\/g-W-erMkfAs&#8221; frameborder=&#8221;0&#8243; allowfullscreen ]"}