{"version":"1.0","provider_name":"TVM - Televis\u00e3o de Mo\u00e7ambique","provider_url":"https:\/\/www.tvm.co.mz\/novosite","author_name":"Leopoldino Bambo","author_url":"https:\/\/www.tvm.co.mz\/novosite\/author\/lbambo\/","title":"Empres\u00e1rio sequestrado no Bilene j\u00e1 foi libertado - TVM - Televis\u00e3o de Mo\u00e7ambique","type":"rich","width":600,"height":338,"html":"<blockquote class=\"wp-embedded-content\" data-secret=\"SYYMf16jQc\"><a href=\"https:\/\/www.tvm.co.mz\/novosite\/2017\/03\/16\/empresario-sequestrado-no-bilene-ja-foi-libertado\/\">Empres\u00e1rio sequestrado no Bilene j\u00e1 foi libertado<\/a><\/blockquote><iframe sandbox=\"allow-scripts\" security=\"restricted\" src=\"https:\/\/www.tvm.co.mz\/novosite\/2017\/03\/16\/empresario-sequestrado-no-bilene-ja-foi-libertado\/embed\/#?secret=SYYMf16jQc\" width=\"600\" height=\"338\" title=\"&#8220;Empres\u00e1rio sequestrado no Bilene j\u00e1 foi libertado&#8221; &#8212; TVM - Televis\u00e3o de Mo\u00e7ambique\" data-secret=\"SYYMf16jQc\" frameborder=\"0\" marginwidth=\"0\" marginheight=\"0\" scrolling=\"no\" class=\"wp-embedded-content\"><\/iframe><script>\n\/*! This file is auto-generated *\/\n!function(d,l){\"use strict\";l.querySelector&&d.addEventListener&&\"undefined\"!=typeof URL&&(d.wp=d.wp||{},d.wp.receiveEmbedMessage||(d.wp.receiveEmbedMessage=function(e){var t=e.data;if((t||t.secret||t.message||t.value)&&!\/[^a-zA-Z0-9]\/.test(t.secret)){for(var s,r,n,a=l.querySelectorAll('iframe[data-secret=\"'+t.secret+'\"]'),o=l.querySelectorAll('blockquote[data-secret=\"'+t.secret+'\"]'),c=new RegExp(\"^https?:$\",\"i\"),i=0;i<o.length;i++)o[i].style.display=\"none\";for(i=0;i<a.length;i++)s=a[i],e.source===s.contentWindow&&(s.removeAttribute(\"style\"),\"height\"===t.message?(1e3<(r=parseInt(t.value,10))?r=1e3:~~r<200&&(r=200),s.height=r):\"link\"===t.message&&(r=new URL(s.getAttribute(\"src\")),n=new URL(t.value),c.test(n.protocol))&&n.host===r.host&&l.activeElement===s&&(d.top.location.href=t.value))}},d.addEventListener(\"message\",d.wp.receiveEmbedMessage,!1),l.addEventListener(\"DOMContentLoaded\",function(){for(var e,t,s=l.querySelectorAll(\"iframe.wp-embedded-content\"),r=0;r<s.length;r++)(t=(e=s[r]).getAttribute(\"data-secret\"))||(t=Math.random().toString(36).substring(2,12),e.src+=\"#?secret=\"+t,e.setAttribute(\"data-secret\",t)),e.contentWindow.postMessage({message:\"ready\",secret:t},\"*\")},!1)))}(window,document);\n\/\/# sourceURL=https:\/\/www.tvm.co.mz\/novosite\/wp-includes\/js\/wp-embed.min.js\n<\/script>\n","thumbnail_url":"https:\/\/www.tvm.co.mz\/novosite\/wp-content\/uploads\/2017\/03\/JOtySE.gif","thumbnail_width":860,"thumbnail_height":602,"description":"O EMPRES\u00c1RIO Jos\u00e9 Apolin\u00e1rio foi libertado na madrugada de hoje, numa mata do distrito de Bilene, prov\u00edncia Gaza, por um grupo de cinco indiv\u00edduos desconhecidos, munidos de armas de fogo, que o haviam raptado. Segundo a v\u00edtima, que opera na ind\u00fastria tur\u00edstica h\u00e1 quase 30 anos, e que foi sequestrada na manh\u00e3 de ontem, na Praia de Bilene, quando se deslocava ao seu local de trabalho, ter\u00e1 ficado mais de 20 horas nas m\u00e3os dos meliantes. Apolin\u00e1rio explicou, h\u00e1 instantes ao nosso jornal, que a \u201cgang\u201d exigiu como valor de resgate um milh\u00e3o de d\u00f3lares. Mas uma vez n\u00e3o tendo esse valor, acabaram por aceitar o montante de 100 mil meticais que ele levava no interior da sua viatura, na altura em que foi abordado pelo grupo. A ac\u00e7\u00e3o desencadeada pela Pol\u00edcia da Rep\u00fablica de Mo\u00e7ambique visando a neutraliza\u00e7\u00e3o do grupo ter\u00e1 concorrido para a sua liberta\u00e7\u00e3o, mesmo sem o valor exigido, conforme nos relatou a v\u00edtima. &nbsp; Fonte:&nbsp;Jornal Noticias Link:&nbsp;http:\/\/www.jornalnoticias.co.mz\/index.php\/sociedade\/65692-empresario-sequestrado-no-bilene-ja-foi-libertado.html"}