{"version":"1.0","provider_name":"TVM - Televis\u00e3o de Mo\u00e7ambique","provider_url":"https:\/\/www.tvm.co.mz\/novosite","author_name":"Leopoldino Bambo","author_url":"https:\/\/www.tvm.co.mz\/novosite\/author\/lbambo\/","title":"Este S\u00e1bado governo defronta diplomatas - TVM - Televis\u00e3o de Mo\u00e7ambique","type":"rich","width":600,"height":338,"html":"<blockquote class=\"wp-embedded-content\" data-secret=\"zMfJno168T\"><a href=\"https:\/\/www.tvm.co.mz\/novosite\/2017\/02\/09\/este-sabado-governo-defronta-diplomatas\/\">Este S\u00e1bado governo defronta diplomatas<\/a><\/blockquote><iframe sandbox=\"allow-scripts\" security=\"restricted\" src=\"https:\/\/www.tvm.co.mz\/novosite\/2017\/02\/09\/este-sabado-governo-defronta-diplomatas\/embed\/#?secret=zMfJno168T\" width=\"600\" height=\"338\" title=\"&#8220;Este S\u00e1bado governo defronta diplomatas&#8221; &#8212; TVM - Televis\u00e3o de Mo\u00e7ambique\" data-secret=\"zMfJno168T\" frameborder=\"0\" marginwidth=\"0\" marginheight=\"0\" scrolling=\"no\" class=\"wp-embedded-content\"><\/iframe><script>\n\/*! This file is auto-generated *\/\n!function(d,l){\"use strict\";l.querySelector&&d.addEventListener&&\"undefined\"!=typeof URL&&(d.wp=d.wp||{},d.wp.receiveEmbedMessage||(d.wp.receiveEmbedMessage=function(e){var t=e.data;if((t||t.secret||t.message||t.value)&&!\/[^a-zA-Z0-9]\/.test(t.secret)){for(var s,r,n,a=l.querySelectorAll('iframe[data-secret=\"'+t.secret+'\"]'),o=l.querySelectorAll('blockquote[data-secret=\"'+t.secret+'\"]'),c=new RegExp(\"^https?:$\",\"i\"),i=0;i<o.length;i++)o[i].style.display=\"none\";for(i=0;i<a.length;i++)s=a[i],e.source===s.contentWindow&&(s.removeAttribute(\"style\"),\"height\"===t.message?(1e3<(r=parseInt(t.value,10))?r=1e3:~~r<200&&(r=200),s.height=r):\"link\"===t.message&&(r=new URL(s.getAttribute(\"src\")),n=new URL(t.value),c.test(n.protocol))&&n.host===r.host&&l.activeElement===s&&(d.top.location.href=t.value))}},d.addEventListener(\"message\",d.wp.receiveEmbedMessage,!1),l.addEventListener(\"DOMContentLoaded\",function(){for(var e,t,s=l.querySelectorAll(\"iframe.wp-embedded-content\"),r=0;r<s.length;r++)(t=(e=s[r]).getAttribute(\"data-secret\"))||(t=Math.random().toString(36).substring(2,12),e.src+=\"#?secret=\"+t,e.setAttribute(\"data-secret\",t)),e.contentWindow.postMessage({message:\"ready\",secret:t},\"*\")},!1)))}(window,document);\n\/\/# sourceURL=https:\/\/www.tvm.co.mz\/novosite\/wp-includes\/js\/wp-embed.min.js\n<\/script>\n","thumbnail_url":"https:\/\/www.tvm.co.mz\/novosite\/wp-content\/uploads\/2017\/02\/dfhmndheyryjdetrjdhffrdn.jpg","thumbnail_width":1043,"thumbnail_height":635,"description":"Este s\u00e1bado, os membros do conselho de ministros defrontam a equipa do corpo diplom\u00e1tico acreditado em Mo\u00e7ambique, e esta 5\u00aa feira cumprem com a \u00faltima sess\u00e3o de treinos.O projecto Desporto e Cidadania que junta os membros do governo e a sociedade civil vai ser organizado noutros pontos do pa\u00eds.A promo\u00e7\u00e3o da iniciativa fora da cidade de Maputo visa dar oportunidade aos governadores de se juntarem \u00e0s actividades desportivas, promovidas pelo Instituto Nacional do Desporto, INADE. [iframe width=&#8221;880&#8243; height=&#8221;395&#8243; src=&#8221;https:\/\/www.youtube.com\/embed\/vj36WbXO2yc&#8221; frameborder=&#8221;0&#8243; allowfullscreen ]"}