{"version":"1.0","provider_name":"TVM - Televis\u00e3o de Mo\u00e7ambique","provider_url":"https:\/\/www.tvm.co.mz\/novosite","author_name":"Leopoldino Bambo","author_url":"https:\/\/www.tvm.co.mz\/novosite\/author\/lbambo\/","title":"Mineiros de f\u00e9rias submetidos a rastreio de tuberculose - TVM - Televis\u00e3o de Mo\u00e7ambique","type":"rich","width":600,"height":338,"html":"<blockquote class=\"wp-embedded-content\" data-secret=\"qk1jbwU7Y3\"><a href=\"https:\/\/www.tvm.co.mz\/novosite\/2017\/01\/02\/mineiros-de-ferias-submetidos-a-rastreio-de-tuberculose\/\">Mineiros de f\u00e9rias submetidos a rastreio de tuberculose<\/a><\/blockquote><iframe sandbox=\"allow-scripts\" security=\"restricted\" src=\"https:\/\/www.tvm.co.mz\/novosite\/2017\/01\/02\/mineiros-de-ferias-submetidos-a-rastreio-de-tuberculose\/embed\/#?secret=qk1jbwU7Y3\" width=\"600\" height=\"338\" title=\"&#8220;Mineiros de f\u00e9rias submetidos a rastreio de tuberculose&#8221; &#8212; TVM - Televis\u00e3o de Mo\u00e7ambique\" data-secret=\"qk1jbwU7Y3\" frameborder=\"0\" marginwidth=\"0\" marginheight=\"0\" scrolling=\"no\" class=\"wp-embedded-content\"><\/iframe><script>\n\/*! This file is auto-generated *\/\n!function(d,l){\"use strict\";l.querySelector&&d.addEventListener&&\"undefined\"!=typeof URL&&(d.wp=d.wp||{},d.wp.receiveEmbedMessage||(d.wp.receiveEmbedMessage=function(e){var t=e.data;if((t||t.secret||t.message||t.value)&&!\/[^a-zA-Z0-9]\/.test(t.secret)){for(var s,r,n,a=l.querySelectorAll('iframe[data-secret=\"'+t.secret+'\"]'),o=l.querySelectorAll('blockquote[data-secret=\"'+t.secret+'\"]'),c=new RegExp(\"^https?:$\",\"i\"),i=0;i<o.length;i++)o[i].style.display=\"none\";for(i=0;i<a.length;i++)s=a[i],e.source===s.contentWindow&&(s.removeAttribute(\"style\"),\"height\"===t.message?(1e3<(r=parseInt(t.value,10))?r=1e3:~~r<200&&(r=200),s.height=r):\"link\"===t.message&&(r=new URL(s.getAttribute(\"src\")),n=new URL(t.value),c.test(n.protocol))&&n.host===r.host&&l.activeElement===s&&(d.top.location.href=t.value))}},d.addEventListener(\"message\",d.wp.receiveEmbedMessage,!1),l.addEventListener(\"DOMContentLoaded\",function(){for(var e,t,s=l.querySelectorAll(\"iframe.wp-embedded-content\"),r=0;r<s.length;r++)(t=(e=s[r]).getAttribute(\"data-secret\"))||(t=Math.random().toString(36).substring(2,12),e.src+=\"#?secret=\"+t,e.setAttribute(\"data-secret\",t)),e.contentWindow.postMessage({message:\"ready\",secret:t},\"*\")},!1)))}(window,document);\n\/\/# sourceURL=https:\/\/www.tvm.co.mz\/novosite\/wp-includes\/js\/wp-embed.min.js\n<\/script>\n","thumbnail_url":"https:\/\/www.tvm.co.mz\/novosite\/wp-content\/uploads\/2017\/01\/5D9D6454-54E4-4480-8584-CAF716318FC4_mw1024_mh1024_s.jpg","thumbnail_width":1024,"thumbnail_height":594,"description":"Mais de cinco mil pessoas entre mineiros que trabalham na vizinha \u00c1frica do Sul ser\u00e3o abrangidas pela campanha de rastreio da tuberculose na prov\u00edncia de Gaza at\u00e9 finais deste m\u00eas. Denominada \u201c F\u00e9rias com sa\u00fade\u201d , a iniciativa \u00e9 promovida pela organiza\u00e7\u00e3o Internacional de Migra\u00e7\u00e3o, OIM, em parceria com o sector da sa\u00fade em Gaza."}