{"version":"1.0","provider_name":"TVM - Televis\u00e3o de Mo\u00e7ambique","provider_url":"https:\/\/www.tvm.co.mz\/novosite","author_name":"Edson Sengo","author_url":"https:\/\/www.tvm.co.mz\/novosite\/author\/esengo\/","title":"PM recomenda reestrutura\u00e7\u00e3o da Sociedade de Not\u00edcias - TVM - Televis\u00e3o de Mo\u00e7ambique","type":"rich","width":600,"height":338,"html":"<blockquote class=\"wp-embedded-content\" data-secret=\"ODMa3L98qA\"><a href=\"https:\/\/www.tvm.co.mz\/novosite\/2016\/11\/12\/pm-recomenda-reestruturacao-da-sociedade-de-noticias\/\">PM recomenda reestrutura\u00e7\u00e3o da Sociedade de Not\u00edcias<\/a><\/blockquote><iframe sandbox=\"allow-scripts\" security=\"restricted\" src=\"https:\/\/www.tvm.co.mz\/novosite\/2016\/11\/12\/pm-recomenda-reestruturacao-da-sociedade-de-noticias\/embed\/#?secret=ODMa3L98qA\" width=\"600\" height=\"338\" title=\"&#8220;PM recomenda reestrutura\u00e7\u00e3o da Sociedade de Not\u00edcias&#8221; &#8212; TVM - Televis\u00e3o de Mo\u00e7ambique\" data-secret=\"ODMa3L98qA\" frameborder=\"0\" marginwidth=\"0\" marginheight=\"0\" scrolling=\"no\" class=\"wp-embedded-content\"><\/iframe><script>\n\/*! This file is auto-generated *\/\n!function(d,l){\"use strict\";l.querySelector&&d.addEventListener&&\"undefined\"!=typeof URL&&(d.wp=d.wp||{},d.wp.receiveEmbedMessage||(d.wp.receiveEmbedMessage=function(e){var t=e.data;if((t||t.secret||t.message||t.value)&&!\/[^a-zA-Z0-9]\/.test(t.secret)){for(var s,r,n,a=l.querySelectorAll('iframe[data-secret=\"'+t.secret+'\"]'),o=l.querySelectorAll('blockquote[data-secret=\"'+t.secret+'\"]'),c=new RegExp(\"^https?:$\",\"i\"),i=0;i<o.length;i++)o[i].style.display=\"none\";for(i=0;i<a.length;i++)s=a[i],e.source===s.contentWindow&&(s.removeAttribute(\"style\"),\"height\"===t.message?(1e3<(r=parseInt(t.value,10))?r=1e3:~~r<200&&(r=200),s.height=r):\"link\"===t.message&&(r=new URL(s.getAttribute(\"src\")),n=new URL(t.value),c.test(n.protocol))&&n.host===r.host&&l.activeElement===s&&(d.top.location.href=t.value))}},d.addEventListener(\"message\",d.wp.receiveEmbedMessage,!1),l.addEventListener(\"DOMContentLoaded\",function(){for(var e,t,s=l.querySelectorAll(\"iframe.wp-embedded-content\"),r=0;r<s.length;r++)(t=(e=s[r]).getAttribute(\"data-secret\"))||(t=Math.random().toString(36).substring(2,12),e.src+=\"#?secret=\"+t,e.setAttribute(\"data-secret\",t)),e.contentWindow.postMessage({message:\"ready\",secret:t},\"*\")},!1)))}(window,document);\n\/\/# sourceURL=https:\/\/www.tvm.co.mz\/novosite\/wp-includes\/js\/wp-embed.min.js\n<\/script>\n","thumbnail_url":"https:\/\/www.tvm.co.mz\/novosite\/wp-content\/uploads\/2016\/11\/jdhmphm.jpg","thumbnail_width":720,"thumbnail_height":576,"description":"Primeiro-Ministro, Carlos Agostinho do Ros\u00e1rio, orientou a Administra\u00e7\u00e3o da Sociedade do Not\u00edcias a estabelecer um plano urgente para a reestrutura\u00e7\u00e3o da empresa, e que se ajuste ao actual contexto econ\u00f3mico. Na visita efectuada esta 6\u00aa feira a&nbsp; Sociedade do Not\u00edcias, Do Ros\u00e1rio instou as autoridades do Jornal a reduzirem os custos de produ\u00e7\u00e3o para uma maior rentabilidade. Perante as incertezas do mercado nacional e internacional, devido a conjuntura econ\u00f3mica, Do Ros\u00e1rio orientou a administra\u00e7\u00e3o da Sociedade do Not\u00edcias a elaborarem com urg\u00eancia um plano de ac\u00e7\u00e3o. O Instituto de Gest\u00e3o das Empresas participadas pelo Estado, IGEP, tem a miss\u00e3o de coordenar as ac\u00e7\u00f5es a serem tomadas. O Jornal Not\u00edcias n\u00e3o sa\u00eda a rua h\u00e1 j\u00e1 72 horas, um problema j\u00e1 ultrapassado. A Presidente do Conselho de Administra\u00e7\u00e3o da Sociedade de Not\u00edcias j\u00e1 adianta uma queda nas receitas mensais provenientes da venda do di\u00e1rio.&nbsp; &nbsp; [iframe width=&#8221;808&#8243; height=&#8221;395&#8243; src=&#8221;https:\/\/www.youtube.com\/embed\/pgtVyy7yZ3I&#8221; frameborder=&#8221;0&#8243; allowfullscreen ]"}