{"version":"1.0","provider_name":"TVM - Televis\u00e3o de Mo\u00e7ambique","provider_url":"https:\/\/www.tvm.co.mz\/novosite","author_name":"Edson Sengo","author_url":"https:\/\/www.tvm.co.mz\/novosite\/author\/esengo\/","title":"\"O problema do Real Madrid \u00e9 Cristiano Ronaldo\" - TVM - Televis\u00e3o de Mo\u00e7ambique","type":"rich","width":600,"height":338,"html":"<blockquote class=\"wp-embedded-content\" data-secret=\"SRx4rpXQEo\"><a href=\"https:\/\/www.tvm.co.mz\/novosite\/2016\/10\/06\/o-problema-do-real-madrid-e-cristiano-ronaldo\/\">&#8220;O problema do Real Madrid \u00e9 Cristiano Ronaldo&#8221;<\/a><\/blockquote><iframe sandbox=\"allow-scripts\" security=\"restricted\" src=\"https:\/\/www.tvm.co.mz\/novosite\/2016\/10\/06\/o-problema-do-real-madrid-e-cristiano-ronaldo\/embed\/#?secret=SRx4rpXQEo\" width=\"600\" height=\"338\" title=\"&#8220;&#8220;O problema do Real Madrid \u00e9 Cristiano Ronaldo&#8221;&#8221; &#8212; TVM - Televis\u00e3o de Mo\u00e7ambique\" data-secret=\"SRx4rpXQEo\" frameborder=\"0\" marginwidth=\"0\" marginheight=\"0\" scrolling=\"no\" class=\"wp-embedded-content\"><\/iframe><script>\n\/*! This file is auto-generated *\/\n!function(d,l){\"use strict\";l.querySelector&&d.addEventListener&&\"undefined\"!=typeof URL&&(d.wp=d.wp||{},d.wp.receiveEmbedMessage||(d.wp.receiveEmbedMessage=function(e){var t=e.data;if((t||t.secret||t.message||t.value)&&!\/[^a-zA-Z0-9]\/.test(t.secret)){for(var s,r,n,a=l.querySelectorAll('iframe[data-secret=\"'+t.secret+'\"]'),o=l.querySelectorAll('blockquote[data-secret=\"'+t.secret+'\"]'),c=new RegExp(\"^https?:$\",\"i\"),i=0;i<o.length;i++)o[i].style.display=\"none\";for(i=0;i<a.length;i++)s=a[i],e.source===s.contentWindow&&(s.removeAttribute(\"style\"),\"height\"===t.message?(1e3<(r=parseInt(t.value,10))?r=1e3:~~r<200&&(r=200),s.height=r):\"link\"===t.message&&(r=new URL(s.getAttribute(\"src\")),n=new URL(t.value),c.test(n.protocol))&&n.host===r.host&&l.activeElement===s&&(d.top.location.href=t.value))}},d.addEventListener(\"message\",d.wp.receiveEmbedMessage,!1),l.addEventListener(\"DOMContentLoaded\",function(){for(var e,t,s=l.querySelectorAll(\"iframe.wp-embedded-content\"),r=0;r<s.length;r++)(t=(e=s[r]).getAttribute(\"data-secret\"))||(t=Math.random().toString(36).substring(2,12),e.src+=\"#?secret=\"+t,e.setAttribute(\"data-secret\",t)),e.contentWindow.postMessage({message:\"ready\",secret:t},\"*\")},!1)))}(window,document);\n\/\/# sourceURL=https:\/\/www.tvm.co.mz\/novosite\/wp-includes\/js\/wp-embed.min.js\n<\/script>\n","thumbnail_url":"https:\/\/www.tvm.co.mz\/novosite\/wp-content\/uploads\/2016\/10\/naom_57f16682e41dc.jpg","thumbnail_width":1370,"thumbnail_height":587,"description":"Fabio Capello iliba Zidane da s\u00e9rie de maus resultados dos &#8216;merengues&#8217;. Os quatro empates consecutivos nos \u00faltimos quatro jogos, ap\u00f3s uma s\u00e9rie de seis vit\u00f3rias, deixaram o Real Madrid em \u2018alerta vermelho\u2019. Com baixas de peso como Marcelo, Casemiro ou Luka Modric, Zinedine Zidane tem tido dificuldades em garantir a consist\u00eancia defensiva da sua equipa \u2013 leva seis golos encaixados nos \u00faltimos quatro jogos \u2013 mas, para Fabio Capello, ex-treinador dos \u2018merengues\u2019, o verdadeiro problema est\u00e1 no ataque. \u201cO Real Madrid tem uma equipa importante. O problema \u00e9 Cristiano Ronaldo, que n\u00e3o est\u00e1 bem fisicamente. \u00c9 poss\u00edvel que n\u00e3o tenha equil\u00edbrio com o joelho, porque falhou remates que nunca falha\u201d, afirmou, em declara\u00e7\u00f5es \u00e0 r\u00e1dio espanhola Onda Cero. O t\u00e9cnico italiano deixou, ainda, uma mensagem de apoio a Zidane, que, recorda, \u201cganhou a Liga dos Campe\u00f5es\u201d: \u201cH\u00e1 que dar-lhe tempo. Mesmo num momento dif\u00edcil, est\u00e1 em primeiro\u201d. Quanto a um poss\u00edvel regresso aos bancos, Capello admite que tem recebido \u201cmuitos convites\u201d, mas, por enquanto, as suas suas prioridades s\u00e3o outras. \u201cNunca posso dizer nunca, mas, neste momento, estou bem assim. Estou feliz, falo para a televis\u00e3o, que \u00e9 mais f\u00e1cil do que ser treinador. Depois do jogo n\u00e3o tenho que pensar no que tenho de fazer no treino ou em falar com o presidente\u201d, concluiu."}