{"version":"1.0","provider_name":"TVM - Televis\u00e3o de Mo\u00e7ambique","provider_url":"https:\/\/www.tvm.co.mz\/novosite","author_name":"Edson Sengo","author_url":"https:\/\/www.tvm.co.mz\/novosite\/author\/esengo\/","title":"Jato privado aterra de emerg\u00eancia em autoestrada - TVM - Televis\u00e3o de Mo\u00e7ambique","type":"rich","width":600,"height":338,"html":"<blockquote class=\"wp-embedded-content\" data-secret=\"WxdaKc2lRa\"><a href=\"https:\/\/www.tvm.co.mz\/novosite\/2016\/09\/22\/jato-privado-aterra-de-emergencia-em-autoestrada\/\">Jato privado aterra de emerg\u00eancia em autoestrada<\/a><\/blockquote><iframe sandbox=\"allow-scripts\" security=\"restricted\" src=\"https:\/\/www.tvm.co.mz\/novosite\/2016\/09\/22\/jato-privado-aterra-de-emergencia-em-autoestrada\/embed\/#?secret=WxdaKc2lRa\" width=\"600\" height=\"338\" title=\"&#8220;Jato privado aterra de emerg\u00eancia em autoestrada&#8221; &#8212; TVM - Televis\u00e3o de Mo\u00e7ambique\" data-secret=\"WxdaKc2lRa\" frameborder=\"0\" marginwidth=\"0\" marginheight=\"0\" scrolling=\"no\" class=\"wp-embedded-content\"><\/iframe><script>\n\/*! This file is auto-generated *\/\n!function(d,l){\"use strict\";l.querySelector&&d.addEventListener&&\"undefined\"!=typeof URL&&(d.wp=d.wp||{},d.wp.receiveEmbedMessage||(d.wp.receiveEmbedMessage=function(e){var t=e.data;if((t||t.secret||t.message||t.value)&&!\/[^a-zA-Z0-9]\/.test(t.secret)){for(var s,r,n,a=l.querySelectorAll('iframe[data-secret=\"'+t.secret+'\"]'),o=l.querySelectorAll('blockquote[data-secret=\"'+t.secret+'\"]'),c=new RegExp(\"^https?:$\",\"i\"),i=0;i<o.length;i++)o[i].style.display=\"none\";for(i=0;i<a.length;i++)s=a[i],e.source===s.contentWindow&&(s.removeAttribute(\"style\"),\"height\"===t.message?(1e3<(r=parseInt(t.value,10))?r=1e3:~~r<200&&(r=200),s.height=r):\"link\"===t.message&&(r=new URL(s.getAttribute(\"src\")),n=new URL(t.value),c.test(n.protocol))&&n.host===r.host&&l.activeElement===s&&(d.top.location.href=t.value))}},d.addEventListener(\"message\",d.wp.receiveEmbedMessage,!1),l.addEventListener(\"DOMContentLoaded\",function(){for(var e,t,s=l.querySelectorAll(\"iframe.wp-embedded-content\"),r=0;r<s.length;r++)(t=(e=s[r]).getAttribute(\"data-secret\"))||(t=Math.random().toString(36).substring(2,12),e.src+=\"#?secret=\"+t,e.setAttribute(\"data-secret\",t)),e.contentWindow.postMessage({message:\"ready\",secret:t},\"*\")},!1)))}(window,document);\n\/\/# sourceURL=https:\/\/www.tvm.co.mz\/novosite\/wp-includes\/js\/wp-embed.min.js\n<\/script>\n","thumbnail_url":"https:\/\/www.tvm.co.mz\/novosite\/wp-content\/uploads\/2016\/09\/naom_57e27b744c182.jpg","thumbnail_width":1370,"thumbnail_height":587,"description":"As tr\u00eas pessoas que estavam a bordo est\u00e3o bem de sa\u00fade. Um jato privado aterrou de emerg\u00eancia, esta ter\u00e7a-feira, numa autoestrada em Fran\u00e7a. Quando sobrevoava Brignoles, o piloto do aparelho sentiu dificuldades e decidiu usar a autoestrada para fazer uma aterragem segura. Serviu-se, para isso, da berma da Autoestrada 8, evitando chocar com os ve\u00edculos que pudessem passar. As imagens da aeronave, que transportava dois passageiros, foram difundidas via Twitter. Na mesma rede social, o piloto informou que est\u00e3o todos bem de sa\u00fade."}