{"version":"1.0","provider_name":"TVM - Televis\u00e3o de Mo\u00e7ambique","provider_url":"https:\/\/www.tvm.co.mz\/novosite","author_name":"Edson Sengo","author_url":"https:\/\/www.tvm.co.mz\/novosite\/author\/esengo\/","title":"Mo\u00e7ambique e Jap\u00e3o refor\u00e7am coopera\u00e7\u00e3o - TVM - Televis\u00e3o de Mo\u00e7ambique","type":"rich","width":600,"height":338,"html":"<blockquote class=\"wp-embedded-content\" data-secret=\"oSybomFRHX\"><a href=\"https:\/\/www.tvm.co.mz\/novosite\/2016\/08\/27\/mocambique-e-japao-reforcam-cooperacao\/\">Mo\u00e7ambique e Jap\u00e3o refor\u00e7am coopera\u00e7\u00e3o<\/a><\/blockquote><iframe sandbox=\"allow-scripts\" security=\"restricted\" src=\"https:\/\/www.tvm.co.mz\/novosite\/2016\/08\/27\/mocambique-e-japao-reforcam-cooperacao\/embed\/#?secret=oSybomFRHX\" width=\"600\" height=\"338\" title=\"&#8220;Mo\u00e7ambique e Jap\u00e3o refor\u00e7am coopera\u00e7\u00e3o&#8221; &#8212; TVM - Televis\u00e3o de Mo\u00e7ambique\" data-secret=\"oSybomFRHX\" frameborder=\"0\" marginwidth=\"0\" marginheight=\"0\" scrolling=\"no\" class=\"wp-embedded-content\"><\/iframe><script>\n\/*! This file is auto-generated *\/\n!function(d,l){\"use strict\";l.querySelector&&d.addEventListener&&\"undefined\"!=typeof URL&&(d.wp=d.wp||{},d.wp.receiveEmbedMessage||(d.wp.receiveEmbedMessage=function(e){var t=e.data;if((t||t.secret||t.message||t.value)&&!\/[^a-zA-Z0-9]\/.test(t.secret)){for(var s,r,n,a=l.querySelectorAll('iframe[data-secret=\"'+t.secret+'\"]'),o=l.querySelectorAll('blockquote[data-secret=\"'+t.secret+'\"]'),c=new RegExp(\"^https?:$\",\"i\"),i=0;i<o.length;i++)o[i].style.display=\"none\";for(i=0;i<a.length;i++)s=a[i],e.source===s.contentWindow&&(s.removeAttribute(\"style\"),\"height\"===t.message?(1e3<(r=parseInt(t.value,10))?r=1e3:~~r<200&&(r=200),s.height=r):\"link\"===t.message&&(r=new URL(s.getAttribute(\"src\")),n=new URL(t.value),c.test(n.protocol))&&n.host===r.host&&l.activeElement===s&&(d.top.location.href=t.value))}},d.addEventListener(\"message\",d.wp.receiveEmbedMessage,!1),l.addEventListener(\"DOMContentLoaded\",function(){for(var e,t,s=l.querySelectorAll(\"iframe.wp-embedded-content\"),r=0;r<s.length;r++)(t=(e=s[r]).getAttribute(\"data-secret\"))||(t=Math.random().toString(36).substring(2,12),e.src+=\"#?secret=\"+t,e.setAttribute(\"data-secret\",t)),e.contentWindow.postMessage({message:\"ready\",secret:t},\"*\")},!1)))}(window,document);\n\/\/# sourceURL=https:\/\/www.tvm.co.mz\/novosite\/wp-includes\/js\/wp-embed.min.js\n<\/script>\n","thumbnail_url":"https:\/\/www.tvm.co.mz\/novosite\/wp-content\/uploads\/2016\/08\/ticadprjpn.jpg","thumbnail_width":640,"thumbnail_height":444,"description":"O Presidente da Republica, Filipe Nyusi, diz que com a reelei\u00e7\u00e3o do Primeiro-ministro Japon\u00eas Shinzo Abe, est\u00e3o criadas as condi\u00e7\u00f5es para a continua\u00e7\u00e3o e refor\u00e7o dos investimentos que Mo\u00e7ambique recebe daquele pa\u00eds asi\u00e1tico. Filipe Nyusi fez este pronunciamento no encontro bilateral que manteve com chefe de executivo Japon\u00eas em Nairobi onde participa na confer\u00eancia do TICAD. [iframe width=&#8221;640&#8243; height=&#8221;395&#8243; src=&#8221;https:\/\/www.youtube.com\/embed\/9nymoSurUWc&#8221; frameborder=&#8221;0&#8243; allowfullscreen ]"}