{"version":"1.0","provider_name":"TVM - Televis\u00e3o de Mo\u00e7ambique","provider_url":"https:\/\/www.tvm.co.mz\/novosite","author_name":"Leopoldino Bambo","author_url":"https:\/\/www.tvm.co.mz\/novosite\/author\/lbambo\/","title":"Som\u00e1lia: Al Shabbab reivindica ataque em Mogad\u00edscio - TVM - Televis\u00e3o de Mo\u00e7ambique","type":"rich","width":600,"height":338,"html":"<blockquote class=\"wp-embedded-content\" data-secret=\"IepARsOzMN\"><a href=\"https:\/\/www.tvm.co.mz\/novosite\/2016\/08\/01\/somalia-al-shabbab-reivindica-ataque-em-mogadiscio\/\">Som\u00e1lia: Al Shabbab reivindica ataque em Mogad\u00edscio<\/a><\/blockquote><iframe sandbox=\"allow-scripts\" security=\"restricted\" src=\"https:\/\/www.tvm.co.mz\/novosite\/2016\/08\/01\/somalia-al-shabbab-reivindica-ataque-em-mogadiscio\/embed\/#?secret=IepARsOzMN\" width=\"600\" height=\"338\" title=\"&#8220;Som\u00e1lia: Al Shabbab reivindica ataque em Mogad\u00edscio&#8221; &#8212; TVM - Televis\u00e3o de Mo\u00e7ambique\" data-secret=\"IepARsOzMN\" frameborder=\"0\" marginwidth=\"0\" marginheight=\"0\" scrolling=\"no\" class=\"wp-embedded-content\"><\/iframe><script>\n\/*! This file is auto-generated *\/\n!function(d,l){\"use strict\";l.querySelector&&d.addEventListener&&\"undefined\"!=typeof URL&&(d.wp=d.wp||{},d.wp.receiveEmbedMessage||(d.wp.receiveEmbedMessage=function(e){var t=e.data;if((t||t.secret||t.message||t.value)&&!\/[^a-zA-Z0-9]\/.test(t.secret)){for(var s,r,n,a=l.querySelectorAll('iframe[data-secret=\"'+t.secret+'\"]'),o=l.querySelectorAll('blockquote[data-secret=\"'+t.secret+'\"]'),c=new RegExp(\"^https?:$\",\"i\"),i=0;i<o.length;i++)o[i].style.display=\"none\";for(i=0;i<a.length;i++)s=a[i],e.source===s.contentWindow&&(s.removeAttribute(\"style\"),\"height\"===t.message?(1e3<(r=parseInt(t.value,10))?r=1e3:~~r<200&&(r=200),s.height=r):\"link\"===t.message&&(r=new URL(s.getAttribute(\"src\")),n=new URL(t.value),c.test(n.protocol))&&n.host===r.host&&l.activeElement===s&&(d.top.location.href=t.value))}},d.addEventListener(\"message\",d.wp.receiveEmbedMessage,!1),l.addEventListener(\"DOMContentLoaded\",function(){for(var e,t,s=l.querySelectorAll(\"iframe.wp-embedded-content\"),r=0;r<s.length;r++)(t=(e=s[r]).getAttribute(\"data-secret\"))||(t=Math.random().toString(36).substring(2,12),e.src+=\"#?secret=\"+t,e.setAttribute(\"data-secret\",t)),e.contentWindow.postMessage({message:\"ready\",secret:t},\"*\")},!1)))}(window,document);\n\/\/# sourceURL=https:\/\/www.tvm.co.mz\/novosite\/wp-includes\/js\/wp-embed.min.js\n<\/script>\n","thumbnail_url":"https:\/\/www.tvm.co.mz\/novosite\/wp-content\/uploads\/2016\/08\/640x360_340096.jpg","thumbnail_width":640,"thumbnail_height":360,"description":"Na Som\u00e1lia, dois carros armadilhados explodiram no exterior de uma esquadra da pol\u00edcia na capital, Mogad\u00edscio. Ap\u00f3s as explos\u00f5es, atiradores entraram no edif\u00edcio envolvendo-se em combates. O ataque provocou sete mortos e j\u00e1 foi reivindicado pelo grupo extremista isl\u00e2mico, al Shabaab. Entre as v\u00edtimas contam-se os bombistas suicida. O alvo do ataque foi o Departamento de Investiga\u00e7\u00e3o Criminal. Trata-se da segunda ofensiva levada a cabo na cidade pelos extremistas esta semana. Anteriormente, 13 pessoas perderam a vida quando duas viaturas armadilhadas explodiram no exterior da base dos soldados de manuten\u00e7\u00e3o da paz da Uni\u00e3o Africana. O incidente ocorreu na ter\u00e7a-feira. Analistas afirmam que os ataques podem aumentar nas pr\u00f3ximas semanas. Em agosto est\u00e3o previstas elei\u00e7\u00f5es presidenciais no pa\u00eds, as primeiras elei\u00e7\u00f5es democr\u00e1ticas em 47 anos."}