{"version":"1.0","provider_name":"TVM - Televis\u00e3o de Mo\u00e7ambique","provider_url":"https:\/\/www.tvm.co.mz\/novosite","author_name":"Leopoldino Bambo","author_url":"https:\/\/www.tvm.co.mz\/novosite\/author\/lbambo\/","title":"Nova onda de deten\u00e7\u00f5es na Turquia - TVM - Televis\u00e3o de Mo\u00e7ambique","type":"rich","width":600,"height":338,"html":"<blockquote class=\"wp-embedded-content\" data-secret=\"CFVDlgipIS\"><a href=\"https:\/\/www.tvm.co.mz\/novosite\/2016\/08\/01\/nova-onda-de-detencoes-na-turquia\/\">Nova onda de deten\u00e7\u00f5es na Turquia<\/a><\/blockquote><iframe sandbox=\"allow-scripts\" security=\"restricted\" src=\"https:\/\/www.tvm.co.mz\/novosite\/2016\/08\/01\/nova-onda-de-detencoes-na-turquia\/embed\/#?secret=CFVDlgipIS\" width=\"600\" height=\"338\" title=\"&#8220;Nova onda de deten\u00e7\u00f5es na Turquia&#8221; &#8212; TVM - Televis\u00e3o de Mo\u00e7ambique\" data-secret=\"CFVDlgipIS\" frameborder=\"0\" marginwidth=\"0\" marginheight=\"0\" scrolling=\"no\" class=\"wp-embedded-content\"><\/iframe><script>\n\/*! This file is auto-generated *\/\n!function(d,l){\"use strict\";l.querySelector&&d.addEventListener&&\"undefined\"!=typeof URL&&(d.wp=d.wp||{},d.wp.receiveEmbedMessage||(d.wp.receiveEmbedMessage=function(e){var t=e.data;if((t||t.secret||t.message||t.value)&&!\/[^a-zA-Z0-9]\/.test(t.secret)){for(var s,r,n,a=l.querySelectorAll('iframe[data-secret=\"'+t.secret+'\"]'),o=l.querySelectorAll('blockquote[data-secret=\"'+t.secret+'\"]'),c=new RegExp(\"^https?:$\",\"i\"),i=0;i<o.length;i++)o[i].style.display=\"none\";for(i=0;i<a.length;i++)s=a[i],e.source===s.contentWindow&&(s.removeAttribute(\"style\"),\"height\"===t.message?(1e3<(r=parseInt(t.value,10))?r=1e3:~~r<200&&(r=200),s.height=r):\"link\"===t.message&&(r=new URL(s.getAttribute(\"src\")),n=new URL(t.value),c.test(n.protocol))&&n.host===r.host&&l.activeElement===s&&(d.top.location.href=t.value))}},d.addEventListener(\"message\",d.wp.receiveEmbedMessage,!1),l.addEventListener(\"DOMContentLoaded\",function(){for(var e,t,s=l.querySelectorAll(\"iframe.wp-embedded-content\"),r=0;r<s.length;r++)(t=(e=s[r]).getAttribute(\"data-secret\"))||(t=Math.random().toString(36).substring(2,12),e.src+=\"#?secret=\"+t,e.setAttribute(\"data-secret\",t)),e.contentWindow.postMessage({message:\"ready\",secret:t},\"*\")},!1)))}(window,document);\n\/\/# sourceURL=https:\/\/www.tvm.co.mz\/novosite\/wp-includes\/js\/wp-embed.min.js\n<\/script>\n","thumbnail_url":"https:\/\/www.tvm.co.mz\/novosite\/wp-content\/uploads\/2016\/08\/5666149.jpg","thumbnail_width":640,"thumbnail_height":346,"description":"Pelo menos nove soldados foram detidos na Turquia, acusados de terem atacado o hotel onde Tayyip Erdogan se encontrava hospedado, na noite da tentativa de golpe de Estado. De acordo com os \u201cmedia\u201d locais, na noite de 15 de julho, cerca de 25 soldados desceram de um helic\u00f3ptero e tentaram prender o presidente turco que se encontrava de f\u00e9rias na est\u00e2ncia balnear de Marmaris, no Mediterr\u00e2neo. Milhares de soldados foram detidos e mais de uma centena dos generais foram demitidos dos cargos. Este s\u00e1bado, Erdogan anunciou a inten\u00e7\u00e3o de fechar todas as escolas militares e de as substituir. O presidente turco quer que as For\u00e7as Armadas fiquem sob o controlo direto do Minist\u00e9rio da Defesa. \u201cAs nossas for\u00e7as armadas ser\u00e3o mais fortes com o decreto que estamos a preparar. Os chefes dos Estados-maiores v\u00e3o passar a responder ao ministro da Defesa\u201d, afirmou o presidente turco. Este domingo, o ministro turco dos Neg\u00f3cios Estrangeiros, Mevlut Cavusoglu, afirmou que o acordo assinado com a Uni\u00e3o Europeia para travar o fluxo de migrantes ilegais pode estar em risco se o bloco europeu n\u00e3o aprovar a aboli\u00e7\u00e3o de vistos para os cidad\u00e3os turcos em outubro. A isen\u00e7\u00e3o dos vistos tem sofrido atrasos. A Uni\u00e3o Europeia reprova a evolu\u00e7\u00e3o pol\u00edtica na Turquia e manifesta preocupa\u00e7\u00e3o. Numa entrevista a um jornal austr\u00edaco, citado pela Reuters, o presidente da Comiss\u00e3o Europeia, Jean-Claude Juncker assegurou ainda que se Ancara introduzir a pena de morte as negocia\u00e7\u00f5es sobre a ades\u00e3o \u00e0 Uni\u00e3o Europeia ficam comprometidas."}