{"version":"1.0","provider_name":"TVM - Televis\u00e3o de Mo\u00e7ambique","provider_url":"https:\/\/www.tvm.co.mz\/novosite","author_name":"webmaster","author_url":"https:\/\/www.tvm.co.mz\/novosite\/author\/webmaster\/","title":"Espa\u00e7o P\u00fablico - TVM - Televis\u00e3o de Mo\u00e7ambique","type":"rich","width":600,"height":338,"html":"<blockquote class=\"wp-embedded-content\" data-secret=\"RjV69W7mBf\"><a href=\"https:\/\/www.tvm.co.mz\/novosite\/2016\/06\/28\/espaco-publico\/\">Espa\u00e7o P\u00fablico<\/a><\/blockquote><iframe sandbox=\"allow-scripts\" security=\"restricted\" src=\"https:\/\/www.tvm.co.mz\/novosite\/2016\/06\/28\/espaco-publico\/embed\/#?secret=RjV69W7mBf\" width=\"600\" height=\"338\" title=\"&#8220;Espa\u00e7o P\u00fablico&#8221; &#8212; TVM - Televis\u00e3o de Mo\u00e7ambique\" data-secret=\"RjV69W7mBf\" frameborder=\"0\" marginwidth=\"0\" marginheight=\"0\" scrolling=\"no\" class=\"wp-embedded-content\"><\/iframe><script>\n\/*! This file is auto-generated *\/\n!function(d,l){\"use strict\";l.querySelector&&d.addEventListener&&\"undefined\"!=typeof URL&&(d.wp=d.wp||{},d.wp.receiveEmbedMessage||(d.wp.receiveEmbedMessage=function(e){var t=e.data;if((t||t.secret||t.message||t.value)&&!\/[^a-zA-Z0-9]\/.test(t.secret)){for(var s,r,n,a=l.querySelectorAll('iframe[data-secret=\"'+t.secret+'\"]'),o=l.querySelectorAll('blockquote[data-secret=\"'+t.secret+'\"]'),c=new RegExp(\"^https?:$\",\"i\"),i=0;i<o.length;i++)o[i].style.display=\"none\";for(i=0;i<a.length;i++)s=a[i],e.source===s.contentWindow&&(s.removeAttribute(\"style\"),\"height\"===t.message?(1e3<(r=parseInt(t.value,10))?r=1e3:~~r<200&&(r=200),s.height=r):\"link\"===t.message&&(r=new URL(s.getAttribute(\"src\")),n=new URL(t.value),c.test(n.protocol))&&n.host===r.host&&l.activeElement===s&&(d.top.location.href=t.value))}},d.addEventListener(\"message\",d.wp.receiveEmbedMessage,!1),l.addEventListener(\"DOMContentLoaded\",function(){for(var e,t,s=l.querySelectorAll(\"iframe.wp-embedded-content\"),r=0;r<s.length;r++)(t=(e=s[r]).getAttribute(\"data-secret\"))||(t=Math.random().toString(36).substring(2,12),e.src+=\"#?secret=\"+t,e.setAttribute(\"data-secret\",t)),e.contentWindow.postMessage({message:\"ready\",secret:t},\"*\")},!1)))}(window,document);\n\/\/# sourceURL=https:\/\/www.tvm.co.mz\/novosite\/wp-includes\/js\/wp-embed.min.js\n<\/script>\n","thumbnail_url":"https:\/\/www.tvm.co.mz\/novosite\/wp-content\/uploads\/2016\/06\/ESPACO_PUBLICO-PG.jpg","thumbnail_width":1173,"thumbnail_height":439,"description":"&nbsp; Durante 50 minutos, o jornalista se senta \u00e0 mesa com convidados dos mais diversos pontos do pa\u00eds. Debatem-se assuntos, vis\u00f5es e pontos de vista em rela\u00e7\u00e3o a temas actualmente em voga na sociedade civil mo\u00e7ambicana e de interesse p\u00fablico. O telespectador \u00e9 convidado a participar e opinar. Hor\u00e1rio: 13h30min Dura\u00e7\u00e3o: 50 minutos Periodicidade: Segunda \u00e0 Sexta-Feira G\u00e9nero: Informativo"}